{"id":45039,"date":"2018-01-15T12:49:07","date_gmt":"2018-01-15T11:49:07","guid":{"rendered":"https:\/\/www.laumans.de\/?page_id=45039"},"modified":"2024-02-29T12:46:27","modified_gmt":"2024-02-29T11:46:27","slug":"unternehmensgeschichte","status":"publish","type":"page","link":"https:\/\/www.laumans.de\/pl\/historia\/","title":{"rendered":"Historia"},"content":{"rendered":"<p><\/p>\n<p>[vc_row][vc_column][vc_column_text]<\/p>\n<h1>Z pokolenia na pokolenie<\/h1>\n<p>[\/vc_column_text][vc_empty_space height=&#8221;30px&#8221;][vc_column_text]<\/p>\n<p>Od zawsze w historii naszej rodziny i firmy ceramika pe\u0142ni\u0142a decyduj\u0105c\u0105 rol\u0119. Od momentu za\u0142o\u017cenia firmy przez Stephana Laumans w 1896 roku do dzisiaj kilka pokole\u0144 pracowa\u0142o na obecn\u0105 pozycj\u0119 dach\u00f3wek premium marki\u00a0Randers Tegl Laumans.<\/p>\n<p>Thomas Piper z grupy Piper (wiod\u0105cy producent ceramiki \u015bciennej i dachowej w Skandynawii www.randerstegl.dk) oraz Gerald Laumans zarz\u0105dzaj\u0105 firm\u0105 z sukcesem, cho\u0107 od jej powstania min\u0119\u0142o 125 lat.<\/p>\n<p>[\/vc_column_text][vc_empty_space height=&#8221;50px&#8221;][\/vc_column][\/vc_row][vc_row type=&#8221;1&#8243; margin_top=&#8221;0&#8243; padding_top=&#8221;0&#8243; bg_color=&#8221;#e3e3e3&#8243; css=&#8221;.vc_custom_1517583960907{background-color: #e3e3e3 !important;}&#8221; anchor=&#8221;ton-mit-tradition&#8221;][vc_column][vc_empty_space height=&#8221;50px&#8221;][vc_column_text]<\/p>\n<h2 style=\"text-align: center;\">GLINA \u2013 SUROWIEC Z TRADYCJ\u0104<\/h2>\n<p>[\/vc_column_text][vc_empty_space height=&#8221;10px&#8221;][vc_column_text el_id=&#8221;1896-1909&#8243;]<\/p>\n<h3 style=\"text-align: center;\">1896 &#8211; 1909<\/h3>\n<p>[\/vc_column_text][vc_empty_space height=&#8221;30px&#8221;][vc_column_text]<\/p>\n<p style=\"text-align: center;\"><a href=\"#ton-mit-tradition\">1896-1909<\/a> | <a href=\"#entwicklung-und-krise\">1910-1929<\/a> | <a href=\"#der-boom-der-bauindustrie\">1930-1949<\/a> | <a href=\"#fortschritt-durch-automatisierung\">1950-1989<\/a> | <a href=\"#100-jahre-laumans\">1990-2009<\/a> | <a href=\"#die-zukunft-ist-premium\">2010-Heute<\/a><\/p>\n<p>[\/vc_column_text][vc_empty_space height=&#8221;50px&#8221;][\/vc_column][\/vc_row][vc_row full_width_row=&#8221;true&#8221; css=&#8221;.vc_custom_1517583202665{margin-bottom: -20px !important;}&#8221;][vc_column width=&#8221;1\/2&#8243;][vc_media_grid style=&#8221;pagination&#8221; items_per_page=&#8221;1&#8243; element_width=&#8221;12&#8243; paging_design=&#8221;none&#8221; item=&#8221;masonryMedia_Default&#8221; initial_loading_animation=&#8221;none&#8221; grid_id=&#8221;vc_gid:1709207143964-9b35297c-f7a3-6&#8243; include=&#8221;45238,45239,45240,45241&#8243;][\/vc_column][vc_column width=&#8221;1\/2&#8243; el_class=&#8221;history-text-right&#8221;][vc_column_text css=&#8221;.vc_custom_1526466908788{padding-left: 50px !important;}&#8221;]<\/p>\n<h3>1896<\/h3>\n<p>Wykorzystuj\u0105c boom na dach\u00f3wki Stephan Laumans za\u0142o\u017cy\u0142 w pa\u017adzierniku 1896 r. pierwsz\u0105 cegielni\u0119 w Bracht przy Stiegstra\u00dfe. W\u0142a\u015bcicielami firmy byli opr\u00f3cz niego jego bracia Caspar i Jacques.<\/p>\n<p>Pozwolenie zosta\u0142o wydane 2-go grudnia, cegielnia nosi\u0142a nazw\u0119 Stephan Laumans und Co. Kapita\u0142 w wysoko\u015bci 36.000 z\u0142otych marek niemieckich zainwestowa\u0142 ojciec Quirinus. Od tego momentu rozpocz\u0105\u0142 si\u0119 rozw\u00f3j przemys\u0142u dach\u00f3wek ceramicznych w Bracht.<\/p>\n<p>[\/vc_column_text][\/vc_column][\/vc_row][vc_row full_width_row=&#8221;true&#8221; css=&#8221;.vc_custom_1517582552689{margin-bottom: -20px !important;}&#8221; el_class=&#8221;history-reverse-row&#8221;][vc_column width=&#8221;1\/2&#8243;][vc_media_grid style=&#8221;pagination&#8221; items_per_page=&#8221;1&#8243; element_width=&#8221;12&#8243; paging_design=&#8221;none&#8221; item=&#8221;masonryMedia_Default&#8221; initial_loading_animation=&#8221;none&#8221; grid_id=&#8221;vc_gid:1709207143965-d8df809d-e4f4-3&#8243; include=&#8221;52471,45249,45250,45251&#8243;][\/vc_column][vc_column width=&#8221;1\/2&#8243; offset=&#8221;vc_col-sm-offset-0&#8243; el_class=&#8221;history-text-left&#8221;][vc_column_text css=&#8221;.vc_custom_1526466926518{padding-right: 50px !important;}&#8221;]<\/p>\n<h3>1898<\/h3>\n<p>W nast\u0119pstwie fuzji firm produkuj\u0105cych dach\u00f3wki w Tegelen, Kaldenkirchen i Bracht powsta\u0142a sp\u00f3\u0142ka pod nazw\u0105 \u201eGebr. Laumans\u201c. Po \u015bmierci ojca Quirinusa (1900) Stephan zarz\u0105dza\u0142 zak\u0142adem w Bracht, a Caspar zak\u0142adami w Kaldenkirchen i Tegelen.<\/p>\n<h3>1901<\/h3>\n<p>Przedsi\u0119biorcy z Bracht wspierali wsp\u00f3lnie budow\u0119 brakuj\u0105cego po\u0142\u0105czenia kolejowego z dworcem w Kaldenkirchen, kt\u00f3re sp\u00f3\u0142ka Continentale Eisenbahnbau- und Betriebsgesellschaft uko\u0144czy\u0142a w 1901 roku. Transport surowca z glinianki do fabryki odbywa\u0142 si\u0119 odt\u0105d kolejk\u0105 w\u0105skotorow\u0105.[\/vc_column_text][\/vc_column][\/vc_row][vc_row full_width_row=&#8221;true&#8221; css=&#8221;.vc_custom_1517584052593{margin-bottom: -40px !important;}&#8221;][vc_column width=&#8221;1\/2&#8243;][vc_media_grid style=&#8221;pagination&#8221; items_per_page=&#8221;1&#8243; element_width=&#8221;12&#8243; paging_design=&#8221;none&#8221; item=&#8221;masonryMedia_Default&#8221; initial_loading_animation=&#8221;none&#8221; grid_id=&#8221;vc_gid:1709207143965-4f348d98-e225-6&#8243; include=&#8221;50247,45254,45255&#8243;][\/vc_column][vc_column width=&#8221;1\/2&#8243; el_class=&#8221;history-text-right&#8221;][vc_column_text css=&#8221;.vc_custom_1526466948346{padding-left: 50px !important;}&#8221;]<\/p>\n<h3>1903<\/h3>\n<p>W Bracht powsta\u0142y pierwsze mieszkania pracownicze, aby na lata zapewni\u0107 firmie si\u0142\u0119 robocz\u0105.<\/p>\n<p>Jacques Laumans, kt\u00f3ry od roku 1893\/94 prowadzi\u0142 w\u0142asn\u0105 fabryk\u0119 dach\u00f3wek ceramicznych w holenderskim Reuver, odszed\u0142 z firmy Gebr. Laumans jako cichy wsp\u00f3lnik.<\/p>\n<p>[\/vc_column_text][\/vc_column][\/vc_row][vc_row type=&#8221;1&#8243; bg_color=&#8221;#e3e3e3&#8243; css=&#8221;.vc_custom_1517584095671{background-color: #e3e3e3 !important;}&#8221; anchor=&#8221;entwicklung-und-krise&#8221;][vc_column][vc_empty_space height=&#8221;50px&#8221;][vc_column_text]<\/p>\n<h2 style=\"text-align: center;\">ROZW\u00d3J &amp; KRYZYS<\/h2>\n<p>[\/vc_column_text][vc_empty_space height=&#8221;10px&#8221;][vc_column_text]<\/p>\n<h3 style=\"text-align: center;\">1910 &#8211; 1929<\/h3>\n<p>[\/vc_column_text][vc_empty_space height=&#8221;30px&#8221;][vc_column_text]<\/p>\n<p style=\"text-align: center;\"><a href=\"#ton-mit-tradition\">1896-1909<\/a> | <a href=\"#entwicklung-und-krise\">1910-1929<\/a> | <a href=\"#der-boom-der-bauindustrie\">1930-1949<\/a> | <a href=\"#fortschritt-durch-automatisierung\">1950-1989<\/a> | <a href=\"#100-jahre-laumans\">1990-2009<\/a> | <a href=\"#die-zukunft-ist-premium\">2010-Heute<\/a><\/p>\n<p>[\/vc_column_text][vc_empty_space height=&#8221;50px&#8221;][\/vc_column][\/vc_row][vc_row full_width_row=&#8221;true&#8221; css=&#8221;.vc_custom_1517584110529{margin-bottom: -40px !important;}&#8221; el_class=&#8221;history-reverse-row&#8221;][vc_column width=&#8221;1\/2&#8243;][vc_media_grid style=&#8221;pagination&#8221; items_per_page=&#8221;1&#8243; element_width=&#8221;12&#8243; paging_design=&#8221;none&#8221; item=&#8221;masonryMedia_Default&#8221; initial_loading_animation=&#8221;none&#8221; grid_id=&#8221;vc_gid:1709207143966-82804455-fd0c-10&#8243; include=&#8221;45257,45258,45259&#8243;][\/vc_column][vc_column width=&#8221;1\/2&#8243; el_class=&#8221;history-text-left&#8221;][vc_column_text css=&#8221;.vc_custom_1526466979650{padding-right: 50px !important;}&#8221;]<\/p>\n<h3>1911<\/h3>\n<p>W wyniku uruchomienia pierwszego pieca pier\u015bcieniowego w Bracht poszerzono ofert\u0119 o kolejne modele dach\u00f3wek. Zak\u0142ad zatrudnia\u0142 75 pracownik\u00f3w i produkowa\u0142 od 6 do 8 milion\u00f3w dach\u00f3wek rocznie. R\u00f3wnie\u017c w tym roku po\u0142\u0105czono Bracht (zak\u0142ad Laumansa) z krajow\u0105 sieci\u0105 kolejow\u0105.<\/p>\n<h3>1914<\/h3>\n<p>Wybuch wojny zahamowa\u0142 rozw\u00f3j przedsi\u0119biorstwa, kt\u00f3re czasowo ca\u0142kowicie musia\u0142o wstrzyma\u0107 produkcj\u0119 z powodu braku si\u0142y roboczej i paliwa. Po zako\u0144czeniu wojny zar\u00f3wno w\u0119giel jak i dach\u00f3wki by\u0142y zagospodarowywane odg\u00f3rnie. Mimo produkowania mniejszej ilo\u015bci dach\u00f3wek sytuacja firmy z uwagi na du\u017ce zapotrzebowanie na materia\u0142y budowlane nie by\u0142a z\u0142a, tym bardziej, \u017ce firma Gebr. Laumans eksportowa\u0142a dach\u00f3wki do odbudowywanej p\u00f3\u0142nocnej Francji.[\/vc_column_text][\/vc_column][\/vc_row][vc_row full_width_row=&#8221;true&#8221; css=&#8221;.vc_custom_1517584297967{margin-bottom: -40px !important;}&#8221;][vc_column width=&#8221;1\/2&#8243;][vc_media_grid style=&#8221;pagination&#8221; items_per_page=&#8221;1&#8243; element_width=&#8221;12&#8243; paging_design=&#8221;none&#8221; item=&#8221;masonryMedia_Default&#8221; initial_loading_animation=&#8221;none&#8221; grid_id=&#8221;vc_gid:1709207143966-5e62225d-8e10-3&#8243; include=&#8221;45261,45262,45263,45264&#8243;][\/vc_column][vc_column width=&#8221;1\/2&#8243; el_class=&#8221;history-text-right&#8221;][vc_column_text css=&#8221;.vc_custom_1526466991350{padding-left: 50px !important;}&#8221;]<\/p>\n<h3>1926<\/h3>\n<p>Firma A. Baehren w s\u0105siednim Br\u00fcggen og\u0142osi\u0142a upad\u0142o\u015b\u0107. W listopadzie zak\u0142ad zosta\u0142 kupiony przez firm\u0119 Gebr. Laumans, a w styczniu 1927 r. ponownie uruchomiony. Firma rodzinna Gebr. Laumans posiada\u0142a w\u00f3wczas cztery zak\u0142ady produkcyjne: w Tegelen, Kaldenkirchen, Bracht i Br\u00fcggen.[\/vc_column_text][\/vc_column][\/vc_row][vc_row full_width_row=&#8221;true&#8221; css=&#8221;.vc_custom_1517584354103{margin-bottom: -40px !important;}&#8221; el_class=&#8221;history-reverse-row&#8221;][vc_column width=&#8221;1\/2&#8243;][vc_media_grid style=&#8221;pagination&#8221; items_per_page=&#8221;1&#8243; element_width=&#8221;12&#8243; paging_design=&#8221;none&#8221; item=&#8221;masonryMedia_Default&#8221; initial_loading_animation=&#8221;none&#8221; grid_id=&#8221;vc_gid:1709207143967-40483f47-c724-9&#8243; include=&#8221;45266,45267,45268&#8243;][\/vc_column][vc_column width=&#8221;1\/2&#8243; el_class=&#8221;history-text-left&#8221;][vc_column_text css=&#8221;.vc_custom_1526467005290{padding-right: 50px !important;}&#8221;]<\/p>\n<h3>1927<\/h3>\n<p>Firma zosta\u0142a podzielona mi\u0119dzy dwie rodziny. Caspar Laumans, kt\u00f3ry dotychczas by\u0142 odpowiedzialny za Tegelen i Kaldenkirchen, przej\u0105\u0142 wraz ze swoim synem Lamb\u00e8rem zak\u0142ady w Tegelen oraz w Kaldenkirchen pod nazw\u0105 C. Laumans. Stephan Laumans prowadzi\u0142 zak\u0142ad w Bracht oraz zakupiony zak\u0142ad w Br\u00fcggen pod dotychczasow\u0105 nazw\u0105 Gebr. Laumans razem ze swoimi synami Quirinem i \u00a0Lambertem.<\/p>\n<h3>1928<\/h3>\n<p>Nowa firma Gebr. Laumans zatrudnia\u0142a w obu zak\u0142adach \u0142\u0105cznie 95 pracownik\u00f3w, z czego w \u00a0Br\u00fcggen pracowa\u0142a tylko jedna czwarta za\u0142ogi. Podobna relacja odnosi\u0142a si\u0119 do wielko\u015bci\u00a0 produkcji w obu zak\u0142adach.[\/vc_column_text][\/vc_column][\/vc_row][vc_row type=&#8221;1&#8243; bg_color=&#8221;#e3e3e3&#8243; css=&#8221;.vc_custom_1517584402617{background-color: #e3e3e3 !important;}&#8221; anchor=&#8221;der-boom-der-bauindustrie&#8221;][vc_column][vc_empty_space height=&#8221;50px&#8221;][vc_column_text]<\/p>\n<h2 style=\"text-align: center;\">\u201eBOOM\u201c PRZEMYS\u0141U BUDOWLANEGO<\/h2>\n<p>[\/vc_column_text][vc_empty_space height=&#8221;10px&#8221;][vc_column_text]<\/p>\n<h3 style=\"text-align: center;\">1930 &#8211; 1949<\/h3>\n<p>[\/vc_column_text][vc_empty_space height=&#8221;30px&#8221;][vc_column_text]<\/p>\n<p style=\"text-align: center;\"><a href=\"#ton-mit-tradition\">1896-1909<\/a> | <a href=\"#entwicklung-und-krise\">1910-1929<\/a> | <a href=\"#der-boom-der-bauindustrie\">1930-1949<\/a> | <a href=\"#fortschritt-durch-automatisierung\">1950-1989<\/a> | <a href=\"#100-jahre-laumans\">1990-2009<\/a> | <a href=\"#die-zukunft-ist-premium\">2010-Heute<\/a><\/p>\n<p>[\/vc_column_text][vc_empty_space height=&#8221;50px&#8221;][\/vc_column][\/vc_row][vc_row full_width_row=&#8221;true&#8221; css=&#8221;.vc_custom_1517584715521{margin-bottom: -40px !important;}&#8221;][vc_column width=&#8221;1\/2&#8243;][vc_media_grid style=&#8221;pagination&#8221; items_per_page=&#8221;1&#8243; element_width=&#8221;12&#8243; paging_design=&#8221;none&#8221; item=&#8221;masonryMedia_Default&#8221; initial_loading_animation=&#8221;none&#8221; grid_id=&#8221;vc_gid:1709207143967-4b06812a-1b7f-7&#8243; include=&#8221;45270,45271,45272,45273,45274&#8243;][\/vc_column][vc_column width=&#8221;1\/2&#8243; el_class=&#8221;history-text-right&#8221;][vc_column_text css=&#8221;.vc_custom_1526467034944{padding-left: 50px !important;}&#8221;]<\/p>\n<h3>1930<\/h3>\n<p>Firma Gebr. Laumans produkowa\u0142a ok. 6 milion\u00f3w dach\u00f3wek i osi\u0105ga\u0142a obr\u00f3t ok. 500.000 reichsmarek. R\u00f3wnie\u017c w tym roku wybuch\u0142 po\u017car w s\u0105siedniej firmie w Bracht (wcze\u015bniej Tonwerk Ideal). Firma Gebr. Laumans kupi\u0142a dzia\u0142k\u0119 wraz z pozosta\u0142o\u015bciami po budynku i po remoncie przy\u0142\u0105czy\u0142a ten kompleks do firmy w Bracht.<\/p>\n<h3>1936<\/h3>\n<p>Zak\u0142ad w Br\u00fcggen, kt\u00f3ry w r. 1932\/33 by\u0142 zamkni\u0119ty, spali\u0142 si\u0119 w znacznym stopniu w po\u017carze w grudniu, jednak zosta\u0142 ponownie uruchomiony w marcu 1937 r.[\/vc_column_text][\/vc_column][\/vc_row][vc_row full_width_row=&#8221;true&#8221; css=&#8221;.vc_custom_1517584726392{margin-bottom: -40px !important;}&#8221; el_class=&#8221;history-reverse-row&#8221;][vc_column width=&#8221;1\/2&#8243;][vc_media_grid style=&#8221;pagination&#8221; items_per_page=&#8221;1&#8243; element_width=&#8221;12&#8243; paging_design=&#8221;none&#8221; item=&#8221;masonryMedia_Default&#8221; initial_loading_animation=&#8221;none&#8221; grid_id=&#8221;vc_gid:1709207143968-ab652456-4b3c-1&#8243; include=&#8221;45276,45277,45278,45279&#8243;][\/vc_column][vc_column width=&#8221;1\/2&#8243; el_class=&#8221;history-text-left&#8221;][vc_column_text css=&#8221;.vc_custom_1526467056630{padding-right: 50px !important;}&#8221;]<\/p>\n<h3>1944<\/h3>\n<p>Z powodu II Wojny \u015awiatowej do wrze\u015bnia1944 r. firma produkowa\u0142a mniej dach\u00f3wek. W listopadzie Bracht i Br\u00fcggen by\u0142o ewakuowane, wi\u0119c produkcja nie by\u0142a w og\u00f3le mo\u017cliwa.<\/p>\n<h3>1944 &#8211; 1945<\/h3>\n<p>W zimie 1944\/45 na kr\u00f3tko przed planowan\u0105 ewakuacj\u0105 fabryka w Bracht ucierpia\u0142a w wyniku angielskiego bombardowania. Dopiero po zako\u0144czeniu wojny od jesieni produkcja ruszy\u0142a ponownie. Po \u015bmierci Stephana Laumansa (podczas II Wojny \u015awiatowej) bracia Quirin i Lambert kierowali firm\u0105 Gebr. Laumans do pocz\u0105tku lat 70-tych. W kolejnych dw\u00f3ch dziesi\u0119cioleciach, w kt\u00f3rych mia\u0142a miejsce odbudowa Niemiec, kwit\u0142y wszystkie firmy produkuj\u0105ce dach\u00f3wk\u0119 w regionie. R\u00f3wnie\u017c Gebr. Laumans korzysta\u0142a z boomu przemys\u0142u budowlanego.[\/vc_column_text][\/vc_column][\/vc_row][vc_row full_width_row=&#8221;true&#8221; css=&#8221;.vc_custom_1517584737077{margin-bottom: -40px !important;}&#8221;][vc_column width=&#8221;1\/2&#8243;][vc_media_grid style=&#8221;pagination&#8221; items_per_page=&#8221;1&#8243; element_width=&#8221;12&#8243; paging_design=&#8221;none&#8221; item=&#8221;masonryMedia_Default&#8221; initial_loading_animation=&#8221;none&#8221; grid_id=&#8221;vc_gid:1709207143968-db594389-c305-6&#8243; include=&#8221;45281,45282,45283,45284,45285&#8243;][\/vc_column][vc_column width=&#8221;1\/2&#8243; el_class=&#8221;history-text-right&#8221;][vc_column_text css=&#8221;.vc_custom_1526467067868{padding-left: 50px !important;}&#8221;]<\/p>\n<h3>1949<\/h3>\n<p>Po zawirowaniach II Wojny \u015awiatowej powsta\u0142a instalacja w Br\u00fcggen i do\u0142ownik. R\u00f3wnie\u017c w Br\u00fcggen zosta\u0142y wybudowane mieszkania dla pracownik\u00f3w.[\/vc_column_text][\/vc_column][\/vc_row][vc_row type=&#8221;1&#8243; bg_color=&#8221;#e3e3e3&#8243; css=&#8221;.vc_custom_1517584840159{background-color: #e3e3e3 !important;}&#8221; anchor=&#8221;fortschritt-durch-automatisierung&#8221;][vc_column][vc_empty_space height=&#8221;50px&#8221;][vc_column_text]<\/p>\n<h2 style=\"text-align: center;\">POST\u0118P W WYNIKU AUTOMATYZACJI<\/h2>\n<p>[\/vc_column_text][vc_empty_space height=&#8221;10px&#8221;][vc_column_text]<\/p>\n<h3 style=\"text-align: center;\">1950 &#8211; 1989<\/h3>\n<p>[\/vc_column_text][vc_empty_space height=&#8221;30px&#8221;][vc_column_text]<\/p>\n<p style=\"text-align: center;\"><a href=\"#ton-mit-tradition\">1896-1909<\/a> | <a href=\"#entwicklung-und-krise\">1910-1929<\/a> | <a href=\"#der-boom-der-bauindustrie\">1930-1949<\/a> | <a href=\"#fortschritt-durch-automatisierung\">1950-1989<\/a> | <a href=\"#100-jahre-laumans\">1990-2009<\/a> | <a href=\"#die-zukunft-ist-premium\">2010-Heute<\/a><\/p>\n<p>[\/vc_column_text][vc_empty_space height=&#8221;50px&#8221;][\/vc_column][\/vc_row][vc_row full_width_row=&#8221;true&#8221; css=&#8221;.vc_custom_1517585023415{margin-bottom: -40px !important;}&#8221; el_class=&#8221;history-reverse-row&#8221;][vc_column width=&#8221;1\/2&#8243;][vc_media_grid style=&#8221;pagination&#8221; items_per_page=&#8221;1&#8243; element_width=&#8221;12&#8243; paging_design=&#8221;none&#8221; item=&#8221;masonryMedia_Default&#8221; initial_loading_animation=&#8221;none&#8221; grid_id=&#8221;vc_gid:1709207143969-703206c7-de0b-3&#8243; include=&#8221;45287,45288,45289,45290,45291&#8243;][\/vc_column][vc_column width=&#8221;1\/2&#8243; el_class=&#8221;history-text-left&#8221;][vc_column_text css=&#8221;.vc_custom_1526467098646{padding-right: 50px !important;}&#8221;]<\/p>\n<h3>1951 &#8211; 1979<\/h3>\n<p>Firma by\u0142a modernizowana poprzez budow\u0119 piec\u00f3w tunelowych oraz instalacji do obr\u00f3bki i suszenia gliny. Mimo coraz wi\u0119kszej automatyzacji firma Gebr. Laumans zatrudnia\u0142a w Bracht i Br\u00fcggen do 160 pracownik\u00f3w.<\/p>\n<p>Do roku 1979 bracia Laumans prowadzili r\u00f3wnie\u017c w Schwandorf w Oberpfalz firm\u0119 TZW Ton- und Ziegelwerk, w kt\u00f3rej produkowano m. in. krat\u00f3wk\u0119, klinkier, lic\u00f3wk\u0119 i rury drena\u017cowe.<\/p>\n<p>[\/vc_column_text][\/vc_column][\/vc_row][vc_row full_width_row=&#8221;true&#8221; css=&#8221;.vc_custom_1517585034295{margin-bottom: -40px !important;}&#8221;][vc_column width=&#8221;1\/2&#8243;][vc_media_grid style=&#8221;pagination&#8221; items_per_page=&#8221;1&#8243; element_width=&#8221;12&#8243; paging_design=&#8221;none&#8221; item=&#8221;masonryMedia_Default&#8221; initial_loading_animation=&#8221;none&#8221; grid_id=&#8221;vc_gid:1709207143969-f20da5d8-3794-9&#8243; include=&#8221;45293,45294,45295,45296&#8243;][\/vc_column][vc_column width=&#8221;1\/2&#8243; el_class=&#8221;history-text-right&#8221;][vc_column_text css=&#8221;.vc_custom_1526467113678{padding-left: 50px !important;}&#8221;]<\/p>\n<h3>1969<\/h3>\n<p>Gdy po 1960 r. koniunktura w budownictwie spad\u0142a, firma rozszerzy\u0142a palet\u0119 produkt\u00f3w o \u00a0ceg\u0142y typu poroton.<\/p>\n<h3>1970<\/h3>\n<p>Firma Gebr. Laumans przekszta\u0142ci\u0142a si\u0119 w sp\u00f3\u0142k\u0119 GmbH &amp; Co. KG \u00a0i wkr\u00f3tce potem nowe pokolenie przej\u0119\u0142o zarz\u0105dzanie firm\u0105. Syn Quirina Stephan (* 1935) kierowa\u0142 zak\u0142adem w\u00a0 Bracht, a syn Lamberta \u2013 r\u00f3wnie\u017c Lambert (1941\u20132013) zarz\u0105dza\u0142 zak\u0142adem w Br\u00fcggen.[\/vc_column_text][\/vc_column][\/vc_row][vc_row full_width_row=&#8221;true&#8221; css=&#8221;.vc_custom_1517585045876{margin-bottom: -40px !important;}&#8221; el_class=&#8221;history-reverse-row&#8221;][vc_column width=&#8221;1\/2&#8243;][vc_media_grid style=&#8221;pagination&#8221; items_per_page=&#8221;1&#8243; element_width=&#8221;12&#8243; paging_design=&#8221;none&#8221; item=&#8221;masonryMedia_Default&#8221; initial_loading_animation=&#8221;none&#8221; grid_id=&#8221;vc_gid:1709207143970-0d0b21fc-8762-7&#8243; include=&#8221;45298,45299,45300,45301&#8243;][\/vc_column][vc_column width=&#8221;1\/2&#8243; el_class=&#8221;history-text-left&#8221;][vc_column_text css=&#8221;.vc_custom_1526467123692{padding-right: 50px !important;}&#8221;]<\/p>\n<h3>1972 &#8211; 1973<\/h3>\n<p>Po wielkim po\u017carze w zak\u0142adzie w Bracht wybudowano w pe\u0142ni automatyczn\u0105 instalacj\u0119 do produkcji cegie\u0142 typu poroton i now\u0105 instalacj\u0119 do produkcji dach\u00f3wek wysokiej jako\u015bci, przy czym osi\u0105gni\u0119to wzrost produkcji i dalsz\u0105 popraw\u0119 jako\u015bci.[\/vc_column_text][\/vc_column][\/vc_row][vc_row type=&#8221;1&#8243; bg_color=&#8221;#e3e3e3&#8243; css=&#8221;.vc_custom_1517585061375{background-color: #e3e3e3 !important;}&#8221; anchor=&#8221;100-jahre-laumans&#8221;][vc_column][vc_empty_space height=&#8221;50px&#8221;][vc_column_text]<\/p>\n<h2 style=\"text-align: center;\">100 LAT LAUMANSA<\/h2>\n<p>[\/vc_column_text][vc_empty_space height=&#8221;10px&#8221;][vc_column_text]<\/p>\n<h3 style=\"text-align: center;\">1990 &#8211; 2009<\/h3>\n<p>[\/vc_column_text][vc_empty_space height=&#8221;30px&#8221;][vc_column_text]<\/p>\n<p style=\"text-align: center;\"><a href=\"#ton-mit-tradition\">1896-1909<\/a> | <a href=\"#entwicklung-und-krise\">1910-1929<\/a> | <a href=\"#der-boom-der-bauindustrie\">1930-1949<\/a> | <a href=\"#fortschritt-durch-automatisierung\">1950-1989<\/a> | <a href=\"#100-jahre-laumans\">1990-2009<\/a> | <a href=\"#die-zukunft-ist-premium\">2010-Heute<\/a><\/p>\n<p>[\/vc_column_text][vc_empty_space height=&#8221;50px&#8221;][\/vc_column][\/vc_row][vc_row full_width_row=&#8221;true&#8221; css=&#8221;.vc_custom_1517585225178{margin-bottom: -40px !important;}&#8221;][vc_column width=&#8221;1\/2&#8243;][vc_media_grid style=&#8221;pagination&#8221; items_per_page=&#8221;1&#8243; element_width=&#8221;12&#8243; paging_design=&#8221;none&#8221; item=&#8221;masonryMedia_Default&#8221; initial_loading_animation=&#8221;none&#8221; grid_id=&#8221;vc_gid:1709207143970-3be2ac57-0d03-8&#8243; include=&#8221;45315,45316,45317,45318,45319,45320&#8243;][\/vc_column][vc_column width=&#8221;1\/2&#8243; el_class=&#8221;history-text-right&#8221;][vc_column_text css=&#8221;.vc_custom_1526467148550{padding-left: 50px !important;}&#8221;]<\/p>\n<h3>1996<\/h3>\n<p>Centralna instalacja do obr\u00f3bki gliny w Bracht, nowa linia do pakownia w Br\u00fcggen oraz nowy zak\u0142ad do produkcji dach\u00f3wek glazurowanych i angobowanych wyposa\u017cony w nowoczesny piec to milowe kroki w kolejnych latach.<\/p>\n<p>W jesieni tego roku firma Laumans spogl\u0105da na stuletni\u0105 tradycj\u0119 &#8211; zmienn\u0105, ale pe\u0142n\u0105 sukces\u00f3w.<\/p>\n<p>Oznak\u0105 innowacyjno\u015bci by\u0142a dach\u00f3wka solarna, kt\u00f3ra s\u0142u\u017cy\u0142a do montowania instalacji solarnej, a zarazem by\u0142a zintegrowana z reszt\u0105 dachu, co nie wp\u0142ywa\u0142o negatywnie na wygl\u0105d ca\u0142ego dachu.<\/p>\n<p>[\/vc_column_text][\/vc_column][\/vc_row][vc_row full_width_row=&#8221;true&#8221; css=&#8221;.vc_custom_1517585237752{margin-bottom: -40px !important;}&#8221; el_class=&#8221;history-reverse-row&#8221;][vc_column width=&#8221;1\/2&#8243;][vc_media_grid style=&#8221;pagination&#8221; items_per_page=&#8221;1&#8243; element_width=&#8221;12&#8243; paging_design=&#8221;none&#8221; item=&#8221;masonryMedia_Default&#8221; initial_loading_animation=&#8221;none&#8221; grid_id=&#8221;vc_gid:1709207143971-78384d69-582f-4&#8243; include=&#8221;45303,45304,45305,45306,45307&#8243;][\/vc_column][vc_column width=&#8221;1\/2&#8243; el_class=&#8221;history-text-left&#8221;][vc_column_text css=&#8221;.vc_custom_1526467163670{padding-right: 50px !important;}&#8221;]<\/p>\n<h3>2001<\/h3>\n<p>Po rezygnacji z produkcji porotonu firma ukierunkowuje swoj\u0105 strategi\u0119 na g\u0142\u00f3wny produkt -dach\u00f3wki.<\/p>\n<h3>2003<\/h3>\n<p>Gerald Laumans (* 1967), syn Stephana juniora, dzia\u0142a obecnie w Zarz\u0105dzie firmy jako przedstawiciel czwartego pokolenia dynastii z Bracht.[\/vc_column_text][\/vc_column][\/vc_row][vc_row full_width_row=&#8221;true&#8221; css=&#8221;.vc_custom_1517585246383{margin-bottom: -40px !important;}&#8221;][vc_column width=&#8221;1\/2&#8243;][vc_media_grid style=&#8221;pagination&#8221; items_per_page=&#8221;1&#8243; element_width=&#8221;12&#8243; paging_design=&#8221;none&#8221; item=&#8221;masonryMedia_Default&#8221; initial_loading_animation=&#8221;none&#8221; grid_id=&#8221;vc_gid:1709207143971-4c99d435-4d6f-4&#8243; include=&#8221;45309,45310,45311,45312,45313&#8243;][\/vc_column][vc_column width=&#8221;1\/2&#8243; el_class=&#8221;history-text-right&#8221;][vc_column_text css=&#8221;.vc_custom_1526467191536{padding-left: 50px !important;}&#8221;]<\/p>\n<h3>2004<\/h3>\n<p>Rozszerzenie kr\u0119gu udzia\u0142owc\u00f3w o du\u0144sk\u0105 grup\u0119 firm Piper jest kontynuacj\u0105 tradycji przedsi\u0119biorstwa \u015bredniej wielko\u015bci i daje firmie Laumans nowe mo\u017cliwo\u015bci rozwoju.<\/p>\n<p>Dach\u00f3wka solarna wprowadzona w roku 1996 nie zyska\u0142a uznania na rynku i zosta\u0142a wycofana z produkcji w roku 2004.<\/p>\n<h3>2008<\/h3>\n<p>Po wybuchu pieca w zak\u0142adzie Alt-Br\u00fcggen nie wznowiono tutaj ju\u017c produkcji dach\u00f3wek.[\/vc_column_text][\/vc_column][\/vc_row][vc_row type=&#8221;1&#8243; bg_color=&#8221;#e3e3e3&#8243; css=&#8221;.vc_custom_1517585256797{background-color: #e3e3e3 !important;}&#8221; anchor=&#8221;die-zukunft-ist-premium&#8221;][vc_column][vc_empty_space height=&#8221;50px&#8221;][vc_column_text]<\/p>\n<h2 style=\"text-align: center;\">PRZYSZ\u0141O\u015a\u0106 TO PREMIUM<\/h2>\n<p>[\/vc_column_text][vc_empty_space height=&#8221;10px&#8221;][vc_column_text]<\/p>\n<h3 style=\"text-align: center;\">2010 &#8211; dzisiaj<\/h3>\n<p>[\/vc_column_text][vc_empty_space height=&#8221;30px&#8221;][vc_column_text]<\/p>\n<p style=\"text-align: center;\"><a href=\"#ton-mit-tradition\">1896-1909<\/a> | <a href=\"#entwicklung-und-krise\">1910-1929<\/a> | <a href=\"#der-boom-der-bauindustrie\">1930-1949<\/a> | <a href=\"#fortschritt-durch-automatisierung\">1950-1989<\/a> | <a href=\"#100-jahre-laumans\">1990-2009<\/a> | <a href=\"#die-zukunft-ist-premium\">2010-Heute<\/a><\/p>\n<p>[\/vc_column_text][vc_empty_space height=&#8221;50px&#8221;][\/vc_column][\/vc_row][vc_row full_width_row=&#8221;true&#8221; css=&#8221;.vc_custom_1517585496864{margin-bottom: -40px !important;}&#8221; el_class=&#8221;history-reverse-row&#8221;][vc_column width=&#8221;1\/2&#8243;][vc_media_grid style=&#8221;pagination&#8221; items_per_page=&#8221;1&#8243; element_width=&#8221;12&#8243; paging_design=&#8221;none&#8221; item=&#8221;masonryMedia_Default&#8221; initial_loading_animation=&#8221;none&#8221; grid_id=&#8221;vc_gid:1709207143972-fd3b0b0b-f351-10&#8243; include=&#8221;45339,45341,45342,45343,45384&#8243;][\/vc_column][vc_column width=&#8221;1\/2&#8243; el_class=&#8221;history-text-left&#8221;][vc_column_text css=&#8221;.vc_custom_1526467273282{padding-right: 50px !important;}&#8221;]<\/p>\n<h3>2011<\/h3>\n<p>Laumans istnieje od 100 lat &#8211; firma \u015bwi\u0119tuje sw\u00f3j jubileusz w Berlinie. Firma rodzinna dostarczy\u0142a dot\u0105d dach\u00f3wki wg historycznego wzoru do odbudowy stacji szybkiej kolei miejskiej w Witzleben, Sch\u00f6neberg, Schmargendorf i Hackeschen H\u00f6fe.<\/p>\n<h3>2014<\/h3>\n<p>Wprowadzaj\u0105c nowe i ulepszaj\u0105c istniej\u0105ce modele i kolory dach\u00f3wek Laumans zajmuje wiod\u0105c\u0105 pozycj\u0119 w\u015br\u00f3d producent\u00f3w ceramiki dachowej wysokiej jako\u015bci. Obr\u00f3t roczny firmy wyni\u00f3s\u0142 12,5 mln. euro.[\/vc_column_text][\/vc_column][\/vc_row][vc_row full_width_row=&#8221;true&#8221; css=&#8221;.vc_custom_1517585508203{margin-bottom: -40px !important;}&#8221;][vc_column width=&#8221;1\/2&#8243;][vc_media_grid style=&#8221;pagination&#8221; items_per_page=&#8221;1&#8243; element_width=&#8221;12&#8243; paging_design=&#8221;none&#8221; item=&#8221;masonryMedia_Default&#8221; initial_loading_animation=&#8221;none&#8221; grid_id=&#8221;vc_gid:1709207143973-54ff4894-3524-10&#8243; include=&#8221;45323,45324,45325,45326,45327,45328,45329,45330&#8243;][\/vc_column][vc_column width=&#8221;1\/2&#8243; el_class=&#8221;history-text-right&#8221;][vc_column_text css=&#8221;.vc_custom_1526467291954{padding-left: 50px !important;}&#8221;]<\/p>\n<h3>2016<\/h3>\n<p>Firma Laumans wprowadza zmiany w przekazie reklamowym i pozycjonuje si\u0119 jeszcze wyra\u017aniej ni\u017c dotychczas jako producent premium w obszarze ceramiki dachowej wysokiej jako\u015bci, z ogromn\u0105 pasj\u0105, niezr\u00f3wnanym know-how w zakresie dach\u00f3wek ceramicznych i bezkompromisow\u0105 orientacj\u0105 na potrzeby klienta.<\/p>\n<p>Nowe has\u0142o firmy brzmi &#8220;Dach\u00f3wki Premium od 1896 r. &#8221; i nie jest dla zmotywowanego zespo\u0142u Laumansa pustym sloganem, lecz praktykowan\u0105 codzienno\u015bci\u0105.<\/p>\n<p>[\/vc_column_text][\/vc_column][\/vc_row][vc_row full_width_row=&#8221;true&#8221; css=&#8221;.vc_custom_1517585516204{margin-bottom: -40px !important;}&#8221; el_class=&#8221;history-reverse-row&#8221;][vc_column width=&#8221;1\/2&#8243;][vc_media_grid style=&#8221;pagination&#8221; items_per_page=&#8221;1&#8243; element_width=&#8221;12&#8243; paging_design=&#8221;none&#8221; item=&#8221;masonryMedia_Default&#8221; initial_loading_animation=&#8221;none&#8221; grid_id=&#8221;vc_gid:1709207143973-6b2383d5-5aa4-10&#8243; include=&#8221;45386,45333,45389,45335,45336,45337&#8243;][\/vc_column][vc_column width=&#8221;1\/2&#8243; el_class=&#8221;history-text-left&#8221;][vc_column_text css=&#8221;.vc_custom_1526467306466{padding-right: 50px !important;}&#8221;]<\/p>\n<h3>2018<\/h3>\n<p>Zak\u0142ad w Alt-Br\u00fcggen, w kt\u00f3rym po eksplozji w roku 2008 nie produkowano ju\u017c dach\u00f3wek, zosta\u0142 rozebrany w marcu, wraz z kominem i wkomponowanym w krajobraz mostem do transportu gliny. Powstanie tu osiedle mieszkaniowe. Firma zatrudnia w starej tradycyjnej lokalizacji Bracht-Stiegstrasse 85 pracownik\u00f3w i produkuje rocznie ok. 11 milion\u00f3w dach\u00f3wek (3% udzia\u0142u w rynku niemieckim) osi\u0105gaj\u0105c obr\u00f3t 12,5 mln. \u20ac rocznie (2014).<\/p>\n<p>Gerald Laumans i Thomas Piper nadal wsp\u00f3lnie zarz\u0105dzaj\u0105 firm\u0105; ich celem jest rozw\u00f3j firmy o znaczeniu europejskim poprzez wzmo\u017con\u0105 obecno\u015b\u0107 na rynkach w Polsce, Francji, Holandii i w krajach skandynawskich.<\/p>\n<p>[\/vc_column_text][\/vc_column][\/vc_row][vc_row full_width_row=&#8221;true&#8221; css=&#8221;.vc_custom_1702636261845{margin-bottom: -40px !important;}&#8221;][vc_column width=&#8221;1\/2&#8243;][vc_media_grid style=&#8221;pagination&#8221; items_per_page=&#8221;1&#8243; element_width=&#8221;12&#8243; paging_design=&#8221;none&#8221; item=&#8221;masonryMedia_Default&#8221; initial_loading_animation=&#8221;none&#8221; grid_id=&#8221;vc_gid:1709207143974-4b9db70b-8015-0&#8243; include=&#8221;67898&#8243;][\/vc_column][vc_column width=&#8221;1\/2&#8243; el_class=&#8221;history-text-left&#8221;][vc_column_text css=&#8221;.vc_custom_1702991592173{padding-right: 50px !important;}&#8221;]<\/p>\n<h3>2024<\/h3>\n<p><span lang=\"EN-US\">PLUS \u0141\u0104CZY: OD 2024 ROKU B\u0118DZIEMY RANDERS TEGL LAUMANS GMBH<\/span><\/p>\n<p><span lang=\"EN-US\">Od 01 stycznia 2024 r. dach\u00f3wki firmy Gebr. Laumans GmbH &amp; Co. KG b\u0119d\u0105 sprzedawane za po\u015brednictwem Randers Tegl Laumans GmbH.<\/span><\/p>\n<p><span lang=\"EN-US\">Uzupe\u0142ni to w znacz\u0105cy spos\u00f3b portfolio produkt\u00f3w, a ceg\u0142y licowe i dach\u00f3wki b\u0119d\u0105 sprzedawane wsp\u00f3lnie przez Randers Tegl Laumans GmbH. PLUS w nowym logo oznacza wsp\u00f3ln\u0105 obecno\u015b\u0107 i zwiastuje kolejny etap procesu transformacji, kt\u00f3ry rozpocz\u0105\u0142 si\u0119, gdy Grupa Randers Tegl do\u0142\u0105czy\u0142a do Laumans w 2004 roku.<\/span><\/p>\n<p><span lang=\"EN-US\">Dzi\u0119ki fuzji osi\u0105gamy synergi\u0119 w postaci szerszej gamy produkt\u00f3w do \u015bcian i dach\u00f3w w segmencie premium, co stanowi korzy\u015b\u0107 dla naszych partner\u00f3w i klient\u00f3w. Klienci skorzystaj\u0105 r\u00f3wnie\u017c z wy\u017cszego poziomu us\u0142ug dzi\u0119ki rozszerzeniu naszej oferty konsultingowej i us\u0142ugowej.<\/span><\/p>\n<p>[\/vc_column_text][\/vc_column][\/vc_row]<\/p>\n<p><\/p>","protected":false},"excerpt":{"rendered":"<p>[vc_row][vc_column][vc_column_text] Z pokolenia na pokolenie [\/vc_column_text][vc_empty_space height=&#8221;30px&#8221;][vc_column_text] Od zawsze w historii naszej rodziny i firmy ceramika pe\u0142ni\u0142a decyduj\u0105c\u0105 rol\u0119. Od momentu za\u0142o\u017cenia firmy przez Stephana Laumans w 1896 roku do dzisiaj kilka pokole\u0144 pracowa\u0142o na obecn\u0105 pozycj\u0119 dach\u00f3wek premium marki\u00a0Randers Tegl Laumans. Thomas Piper z grupy Piper (wiod\u0105cy producent ceramiki \u015bciennej i dachowej w Skandynawii&hellip;<\/p>\n","protected":false},"author":2,"featured_media":0,"parent":0,"menu_order":0,"comment_status":"closed","ping_status":"closed","template":"","meta":[],"acf":[],"yoast_head":"<!-- This site is optimized with the Yoast SEO Premium plugin v15.5 - https:\/\/yoast.com\/wordpress\/plugins\/seo\/ -->\n<title>Dachziegel Hersteller | Laumans Premium Dachziegel<\/title>\n<meta name=\"description\" content=\"Premium Dachziegel Hersteller von Anfang an \u2013 so k\u00f6nnte man unsere Unternehmensgeschichte zusammenfassen. Wir leben und lieben Dachziegel.\" \/>\n<meta name=\"robots\" content=\"noindex, nofollow\" \/>\n<meta property=\"og:locale\" content=\"pl_PL\" \/>\n<meta property=\"og:type\" content=\"article\" \/>\n<meta property=\"og:title\" content=\"Dachziegel Hersteller | Laumans Premium Dachziegel\" \/>\n<meta property=\"og:description\" content=\"Premium Dachziegel Hersteller von Anfang an \u2013 so k\u00f6nnte man unsere Unternehmensgeschichte zusammenfassen. Wir leben und lieben Dachziegel.\" \/>\n<meta property=\"og:url\" content=\"https:\/\/www.laumans.de\/de\/historie\/\" \/>\n<meta property=\"og:site_name\" content=\"Laumans GmbH &amp; Co KG, Br\u00fcggen\" \/>\n<meta property=\"article:publisher\" content=\"https:\/\/www.facebook.com\/laumans\/\" \/>\n<meta property=\"article:modified_time\" content=\"2024-02-29T11:46:27+00:00\" \/>\n<meta name=\"twitter:card\" content=\"summary\" \/>\n<meta name=\"twitter:label1\" content=\"Szacowany czas czytania\">\n\t<meta name=\"twitter:data1\" content=\"71 minut\">\n<script type=\"application\/ld+json\" class=\"yoast-schema-graph\">{\"@context\":\"https:\/\/schema.org\",\"@graph\":[{\"@type\":\"Organization\",\"@id\":\"https:\/\/www.laumans.de\/de\/#organization\",\"name\":\"Gebr. Laumans GmbH & Co. KG Ziegelwerke\",\"url\":\"https:\/\/www.laumans.de\/de\/\",\"sameAs\":[\"https:\/\/www.facebook.com\/laumans\/\",\"https:\/\/www.instagram.com\/laumansdachziegel\/\",\"https:\/\/www.youtube.com\/channel\/UCIxuL2XT3lmpV4DOKZdtcCg\",\"https:\/\/www.pinterest.de\/laumansdachziegel\/\",\"https:\/\/de.wikipedia.org\/wiki\/Gebr._Laumans_Ziegelwerke\"],\"logo\":{\"@type\":\"ImageObject\",\"@id\":\"https:\/\/www.laumans.de\/de\/#logo\",\"inLanguage\":\"pl-PL\",\"url\":\"https:\/\/www.laumans.de\/wp-content\/uploads\/2019\/01\/Laumans_Logotype_350px.png\",\"width\":730,\"height\":158,\"caption\":\"Gebr. Laumans GmbH & Co. KG Ziegelwerke\"},\"image\":{\"@id\":\"https:\/\/www.laumans.de\/de\/#logo\"}},{\"@type\":\"WebSite\",\"@id\":\"https:\/\/www.laumans.de\/de\/#website\",\"url\":\"https:\/\/www.laumans.de\/de\/\",\"name\":\"Laumans GmbH &amp; Co KG, Br\\u00fcggen\",\"description\":\"Premium Dachziegel seit 1896\",\"publisher\":{\"@id\":\"https:\/\/www.laumans.de\/de\/#organization\"},\"potentialAction\":[{\"@type\":\"SearchAction\",\"target\":\"https:\/\/www.laumans.de\/de\/?s={search_term_string}\",\"query-input\":\"required name=search_term_string\"}],\"inLanguage\":\"pl-PL\"},{\"@type\":\"WebPage\",\"@id\":\"https:\/\/www.laumans.de\/de\/historie\/#webpage\",\"url\":\"https:\/\/www.laumans.de\/de\/historie\/\",\"name\":\"Dachziegel Hersteller | Laumans Premium Dachziegel\",\"isPartOf\":{\"@id\":\"https:\/\/www.laumans.de\/de\/#website\"},\"datePublished\":\"2018-01-15T11:49:07+00:00\",\"dateModified\":\"2024-02-29T11:46:27+00:00\",\"description\":\"Premium Dachziegel Hersteller von Anfang an \\u2013 so k\\u00f6nnte man unsere Unternehmensgeschichte zusammenfassen. Wir leben und lieben Dachziegel.\",\"inLanguage\":\"pl-PL\",\"potentialAction\":[{\"@type\":\"ReadAction\",\"target\":[\"https:\/\/www.laumans.de\/de\/historie\/\"]}]}]}<\/script>\n<!-- \/ Yoast SEO Premium plugin. -->","_links":{"self":[{"href":"https:\/\/www.laumans.de\/pl\/wp-json\/wp\/v2\/pages\/45039"}],"collection":[{"href":"https:\/\/www.laumans.de\/pl\/wp-json\/wp\/v2\/pages"}],"about":[{"href":"https:\/\/www.laumans.de\/pl\/wp-json\/wp\/v2\/types\/page"}],"author":[{"embeddable":true,"href":"https:\/\/www.laumans.de\/pl\/wp-json\/wp\/v2\/users\/2"}],"replies":[{"embeddable":true,"href":"https:\/\/www.laumans.de\/pl\/wp-json\/wp\/v2\/comments?post=45039"}],"version-history":[{"count":39,"href":"https:\/\/www.laumans.de\/pl\/wp-json\/wp\/v2\/pages\/45039\/revisions"}],"predecessor-version":[{"id":68342,"href":"https:\/\/www.laumans.de\/pl\/wp-json\/wp\/v2\/pages\/45039\/revisions\/68342"}],"wp:attachment":[{"href":"https:\/\/www.laumans.de\/pl\/wp-json\/wp\/v2\/media?parent=45039"}],"curies":[{"name":"wp","href":"https:\/\/api.w.org\/{rel}","templated":true}]}}