{"id":181,"date":"2016-07-12T09:14:26","date_gmt":"2016-07-12T07:14:26","guid":{"rendered":"http:\/\/www.laumans.de\/?page_id=181"},"modified":"2025-03-10T14:34:14","modified_gmt":"2025-03-10T13:34:14","slug":"dachziegel-farben","status":"publish","type":"page","link":"https:\/\/www.laumans.de\/pl\/kolory\/","title":{"rendered":"Ekskluzywne kolory i pow\u0142oki dach\u00f3wek"},"content":{"rendered":"<p><\/p>\n<p>[vc_row][vc_column][vc_column_text]<\/p>\n<h1>Ekskluzywne kolory i pow\u0142oki dach\u00f3wek<\/h1>\n<p>[\/vc_column_text][vc_empty_space height=&#8221;20px&#8221;][vc_column_text]<\/p>\n<p>Udoskonalona przez firm\u0119\u00a0Randers Tegl Laumans\u00a0technika nak\u0142adania farb przez polewanie umo\u017cliwia na\u0142o\u017cenie o 40% grubszej warstwy barwionej glinki i glazury w por\u00f3wnaniu do tradycyjnych metod, jak np. natrysk. Efekt to niepowtarzalne, \u017cywe odcienie, naturalna intensywno\u015b\u0107 barw i bezkompromisowa jako\u015b\u0107 pow\u0142ok, co daje szczeg\u00f3ln\u0105 g\u0142adko\u015b\u0107 i twardo\u015b\u0107 dach\u00f3wek Premium firmy\u00a0Randers Tegl Laumans. Zach\u0119camy Pa\u0144stwa do\u00a0 uwolnienia w\u0142asnej kreatywno\u015bci. Wszystkie kolory i pow\u0142oki podkre\u015blaj\u0105 swoj\u0105 charakterystyczn\u0105 gr\u0105 \u015bwiate\u0142 i cieni ca\u0142o\u015bciow\u0105 architektur\u0119. Efekt to indywidualny i ekskluzywny wygl\u0105d Pa\u0144stwa domu.<\/p>\n<p>[\/vc_column_text][\/vc_column][\/vc_row][vc_row][vc_column][vc_column_text]<\/p>\n<h2>NATURA<\/h2>\n<p>[\/vc_column_text]<div class='vc_row vc_clearfix'>\n<div class='vc_clearfix vc_col-sm-3'>\n\t<div class='fimg'>\n\t\t<a href='https:\/\/www.laumans.de\/pl\/nr-11-naturalny-czerwony\/'>\n\t\t\t<img width=\"800\" height=\"800\" src=\"https:\/\/www.laumans.de\/wp-content\/uploads\/2016\/07\/Dachziegel_Ideal-Variabel_IV_11_800x800.jpg\" class=\"attachment-post-thumbnail size-post-thumbnail wp-post-image\" alt=\"Ziegelfarben - Laumans Dachziegel IDEAL VARIABEL in Farbe Nr. 11 \u2013 naturrot\" loading=\"lazy\" srcset=\"https:\/\/www.laumans.de\/wp-content\/uploads\/2016\/07\/Dachziegel_Ideal-Variabel_IV_11_800x800.jpg 800w, https:\/\/www.laumans.de\/wp-content\/uploads\/2016\/07\/Dachziegel_Ideal-Variabel_IV_11_800x800-150x150.jpg 150w, https:\/\/www.laumans.de\/wp-content\/uploads\/2016\/07\/Dachziegel_Ideal-Variabel_IV_11_800x800-300x300.jpg 300w, https:\/\/www.laumans.de\/wp-content\/uploads\/2016\/07\/Dachziegel_Ideal-Variabel_IV_11_800x800-768x768.jpg 768w, https:\/\/www.laumans.de\/wp-content\/uploads\/2016\/07\/Dachziegel_Ideal-Variabel_IV_11_800x800-16x16.jpg 16w\" sizes=\"(max-width: 800px) 100vw, 800px\" \/>\n\t\t<\/a>\n\t<\/div>\n\t<div class='ftitle'>\n\t\tNR. 11 - NATURALNY CZERWONY\n\t<\/div>\n<\/div>\n\n<div class='vc_clearfix vc_col-sm-3'>\n\t<div class='fimg'>\n\t\t<a href='https:\/\/www.laumans.de\/pl\/nr-16-szary-zgaszony\/'>\n\t\t\t<img width=\"800\" height=\"800\" src=\"https:\/\/www.laumans.de\/wp-content\/uploads\/2016\/07\/Dachziegel_Hohlpfanne_16_800x800.jpg\" class=\"attachment-post-thumbnail size-post-thumbnail wp-post-image\" alt=\"Laumans Dachziegel HOHLPFANNE in Farbe Nr. 16 \u2013 grau-ged\u00e4mpft\" loading=\"lazy\" srcset=\"https:\/\/www.laumans.de\/wp-content\/uploads\/2016\/07\/Dachziegel_Hohlpfanne_16_800x800.jpg 800w, https:\/\/www.laumans.de\/wp-content\/uploads\/2016\/07\/Dachziegel_Hohlpfanne_16_800x800-150x150.jpg 150w, https:\/\/www.laumans.de\/wp-content\/uploads\/2016\/07\/Dachziegel_Hohlpfanne_16_800x800-300x300.jpg 300w, https:\/\/www.laumans.de\/wp-content\/uploads\/2016\/07\/Dachziegel_Hohlpfanne_16_800x800-768x768.jpg 768w, https:\/\/www.laumans.de\/wp-content\/uploads\/2016\/07\/Dachziegel_Hohlpfanne_16_800x800-16x16.jpg 16w\" sizes=\"(max-width: 800px) 100vw, 800px\" \/>\n\t\t<\/a>\n\t<\/div>\n\t<div class='ftitle'>\n\t\tNR.16 - SZARY ZGASZONY\n\t<\/div>\n<\/div>\n\n<div class='vc_clearfix vc_col-sm-3'>\n\t<div class='fimg'>\n\t\t<a href='https:\/\/www.laumans.de\/pl\/nr-35-brazowy\/'>\n\t\t\t<img width=\"800\" height=\"800\" src=\"https:\/\/www.laumans.de\/wp-content\/uploads\/2016\/07\/Dachziegel_Hohlpfanne_35_800x800.jpg\" class=\"attachment-post-thumbnail size-post-thumbnail wp-post-image\" alt=\"Laumans Dachziegel HOHLPFANNE in Farbe Nr. 35 \u2013 braun\" loading=\"lazy\" srcset=\"https:\/\/www.laumans.de\/wp-content\/uploads\/2016\/07\/Dachziegel_Hohlpfanne_35_800x800.jpg 800w, https:\/\/www.laumans.de\/wp-content\/uploads\/2016\/07\/Dachziegel_Hohlpfanne_35_800x800-150x150.jpg 150w, https:\/\/www.laumans.de\/wp-content\/uploads\/2016\/07\/Dachziegel_Hohlpfanne_35_800x800-300x300.jpg 300w, https:\/\/www.laumans.de\/wp-content\/uploads\/2016\/07\/Dachziegel_Hohlpfanne_35_800x800-768x768.jpg 768w, https:\/\/www.laumans.de\/wp-content\/uploads\/2016\/07\/Dachziegel_Hohlpfanne_35_800x800-16x16.jpg 16w\" sizes=\"(max-width: 800px) 100vw, 800px\" \/>\n\t\t<\/a>\n\t<\/div>\n\t<div class='ftitle'>\n\t\tNR. 35 - BR\u0104ZOWY\n\t<\/div>\n<\/div>\n\n<div class='vc_clearfix vc_col-sm-3'>\n\t<div class='fimg'>\n\t\t<a href='https:\/\/www.laumans.de\/pl\/nr-36-zolty\/'>\n\t\t\t<img width=\"800\" height=\"800\" src=\"https:\/\/www.laumans.de\/wp-content\/uploads\/2016\/07\/Dachziegel_Hohlpfanne_36_800x800.jpg\" class=\"attachment-post-thumbnail size-post-thumbnail wp-post-image\" alt=\"Laumans Dachziegel HOHLPFANNE in Farbe Nr. 36 \u2013 gelb\" loading=\"lazy\" srcset=\"https:\/\/www.laumans.de\/wp-content\/uploads\/2016\/07\/Dachziegel_Hohlpfanne_36_800x800.jpg 800w, https:\/\/www.laumans.de\/wp-content\/uploads\/2016\/07\/Dachziegel_Hohlpfanne_36_800x800-150x150.jpg 150w, https:\/\/www.laumans.de\/wp-content\/uploads\/2016\/07\/Dachziegel_Hohlpfanne_36_800x800-300x300.jpg 300w, https:\/\/www.laumans.de\/wp-content\/uploads\/2016\/07\/Dachziegel_Hohlpfanne_36_800x800-768x768.jpg 768w, https:\/\/www.laumans.de\/wp-content\/uploads\/2016\/07\/Dachziegel_Hohlpfanne_36_800x800-16x16.jpg 16w\" sizes=\"(max-width: 800px) 100vw, 800px\" \/>\n\t\t<\/a>\n\t<\/div>\n\t<div class='ftitle'>\n\t\tNR. 36 - \u017b\u00d3\u0141TY\n\t<\/div>\n<\/div>\n\n<div class='vc_clearfix vc_col-sm-3'>\n\t<div class='fimg'>\n\t\t<a href='https:\/\/www.laumans.de\/pl\/nr-111-czerwony-cieniowany\/'>\n\t\t\t<img width=\"800\" height=\"800\" src=\"https:\/\/www.laumans.de\/wp-content\/uploads\/2016\/07\/Dachziegel_Hohlpfanne_111_800x800.jpg\" class=\"attachment-post-thumbnail size-post-thumbnail wp-post-image\" alt=\"Laumans Dachziegel HOHLPFANNE in Farbe Nr. 111 \u2013 rot-bunt\" loading=\"lazy\" srcset=\"https:\/\/www.laumans.de\/wp-content\/uploads\/2016\/07\/Dachziegel_Hohlpfanne_111_800x800.jpg 800w, https:\/\/www.laumans.de\/wp-content\/uploads\/2016\/07\/Dachziegel_Hohlpfanne_111_800x800-150x150.jpg 150w, https:\/\/www.laumans.de\/wp-content\/uploads\/2016\/07\/Dachziegel_Hohlpfanne_111_800x800-300x300.jpg 300w, https:\/\/www.laumans.de\/wp-content\/uploads\/2016\/07\/Dachziegel_Hohlpfanne_111_800x800-768x768.jpg 768w, https:\/\/www.laumans.de\/wp-content\/uploads\/2016\/07\/Dachziegel_Hohlpfanne_111_800x800-16x16.jpg 16w\" sizes=\"(max-width: 800px) 100vw, 800px\" \/>\n\t\t<\/a>\n\t<\/div>\n\t<div class='ftitle'>\n\t\tNR. 111 - CZERWONY-CIENIOWANY\n\t<\/div>\n<\/div>\n\n<div class='vc_clearfix vc_col-sm-3'>\n\t<div class='fimg'>\n\t\t<a href='https:\/\/www.laumans.de\/pl\/nr-116-cieniowany-zgaszony\/'>\n\t\t\t<img width=\"800\" height=\"800\" src=\"https:\/\/www.laumans.de\/wp-content\/uploads\/2016\/07\/Dachziegel_Hohlpfanne_116_800x800.jpg\" class=\"attachment-post-thumbnail size-post-thumbnail wp-post-image\" alt=\"Laumans Dachziegel HOHLPFANNE in Farbe Nr. 116 \u2013 bunt-ged\u00e4mpft\" loading=\"lazy\" srcset=\"https:\/\/www.laumans.de\/wp-content\/uploads\/2016\/07\/Dachziegel_Hohlpfanne_116_800x800.jpg 800w, https:\/\/www.laumans.de\/wp-content\/uploads\/2016\/07\/Dachziegel_Hohlpfanne_116_800x800-150x150.jpg 150w, https:\/\/www.laumans.de\/wp-content\/uploads\/2016\/07\/Dachziegel_Hohlpfanne_116_800x800-300x300.jpg 300w, https:\/\/www.laumans.de\/wp-content\/uploads\/2016\/07\/Dachziegel_Hohlpfanne_116_800x800-768x768.jpg 768w, https:\/\/www.laumans.de\/wp-content\/uploads\/2016\/07\/Dachziegel_Hohlpfanne_116_800x800-16x16.jpg 16w\" sizes=\"(max-width: 800px) 100vw, 800px\" \/>\n\t\t<\/a>\n\t<\/div>\n\t<div class='ftitle'>\n\t\tNR. 116 - CIENIOWANY-ZGASZONY\n\t<\/div>\n<\/div>\n<\/div>[\/vc_column][\/vc_row][vc_row][vc_column][vc_column_text]<\/p>\n<h2>ANGOBA NATURALNA<\/h2>\n<p>[\/vc_column_text]<div class='vc_row vc_clearfix'>\n<div class='vc_clearfix vc_col-sm-3'>\n\t<div class='fimg'>\n\t\t<a href='https:\/\/www.laumans.de\/pl\/nr-12-stara-farba\/'>\n\t\t\t<img width=\"800\" height=\"800\" src=\"https:\/\/www.laumans.de\/wp-content\/uploads\/2016\/07\/Dachziegel_Tiefa-XL-Top_12_800x800.jpg\" class=\"attachment-post-thumbnail size-post-thumbnail wp-post-image\" alt=\"Laumans Dachziegel TIEFA XLTOP\u00ae in Farbe Nr. 12 \u2013 altfarben\" loading=\"lazy\" srcset=\"https:\/\/www.laumans.de\/wp-content\/uploads\/2016\/07\/Dachziegel_Tiefa-XL-Top_12_800x800.jpg 800w, https:\/\/www.laumans.de\/wp-content\/uploads\/2016\/07\/Dachziegel_Tiefa-XL-Top_12_800x800-150x150.jpg 150w, https:\/\/www.laumans.de\/wp-content\/uploads\/2016\/07\/Dachziegel_Tiefa-XL-Top_12_800x800-300x300.jpg 300w, https:\/\/www.laumans.de\/wp-content\/uploads\/2016\/07\/Dachziegel_Tiefa-XL-Top_12_800x800-768x768.jpg 768w, https:\/\/www.laumans.de\/wp-content\/uploads\/2016\/07\/Dachziegel_Tiefa-XL-Top_12_800x800-16x16.jpg 16w\" sizes=\"(max-width: 800px) 100vw, 800px\" \/>\n\t\t<\/a>\n\t<\/div>\n\t<div class='ftitle'>\n\t\tNR. 12 - STARA FARBA\n\t<\/div>\n<\/div>\n\n<div class='vc_clearfix vc_col-sm-3'>\n\t<div class='fimg'>\n\t\t<a href='https:\/\/www.laumans.de\/pl\/nr-14-czerwony\/'>\n\t\t\t<img width=\"800\" height=\"800\" src=\"https:\/\/www.laumans.de\/wp-content\/uploads\/2016\/07\/Dachziegel_Tiefa-XL-Top_14_800x800px.jpg\" class=\"attachment-post-thumbnail size-post-thumbnail wp-post-image\" alt=\"Laumans Dachziegel TIEFA XLTOP\u00ae in Farbe Nr. 14 \u2013 rot\" loading=\"lazy\" srcset=\"https:\/\/www.laumans.de\/wp-content\/uploads\/2016\/07\/Dachziegel_Tiefa-XL-Top_14_800x800px.jpg 800w, https:\/\/www.laumans.de\/wp-content\/uploads\/2016\/07\/Dachziegel_Tiefa-XL-Top_14_800x800px-150x150.jpg 150w, https:\/\/www.laumans.de\/wp-content\/uploads\/2016\/07\/Dachziegel_Tiefa-XL-Top_14_800x800px-300x300.jpg 300w, https:\/\/www.laumans.de\/wp-content\/uploads\/2016\/07\/Dachziegel_Tiefa-XL-Top_14_800x800px-768x768.jpg 768w, https:\/\/www.laumans.de\/wp-content\/uploads\/2016\/07\/Dachziegel_Tiefa-XL-Top_14_800x800px-16x16.jpg 16w\" sizes=\"(max-width: 800px) 100vw, 800px\" \/>\n\t\t<\/a>\n\t<\/div>\n\t<div class='ftitle'>\n\t\tNR. 14 - CZERWONY\n\t<\/div>\n<\/div>\n\n<div class='vc_clearfix vc_col-sm-3'>\n\t<div class='fimg'>\n\t\t<a href='https:\/\/www.laumans.de\/pl\/nr-18-rustykalny\/'>\n\t\t\t<img width=\"800\" height=\"800\" src=\"https:\/\/www.laumans.de\/wp-content\/uploads\/2016\/08\/Dachziegel_TiefaXLTop_18_800x800px.jpg\" class=\"attachment-post-thumbnail size-post-thumbnail wp-post-image\" alt=\"Laumans Dachziegel TIEFA XLTOP\u00ae in Farbe Nr. 18 \u2013 rustique\" loading=\"lazy\" srcset=\"https:\/\/www.laumans.de\/wp-content\/uploads\/2016\/08\/Dachziegel_TiefaXLTop_18_800x800px.jpg 800w, https:\/\/www.laumans.de\/wp-content\/uploads\/2016\/08\/Dachziegel_TiefaXLTop_18_800x800px-150x150.jpg 150w, https:\/\/www.laumans.de\/wp-content\/uploads\/2016\/08\/Dachziegel_TiefaXLTop_18_800x800px-300x300.jpg 300w\" sizes=\"(max-width: 800px) 100vw, 800px\" \/>\n\t\t<\/a>\n\t<\/div>\n\t<div class='ftitle'>\n\t\tNR. 18 - RUSTYKALNY\n\t<\/div>\n<\/div>\n\n<div class='vc_clearfix vc_col-sm-3'>\n\t<div class='fimg'>\n\t\t<a href='https:\/\/www.laumans.de\/pl\/nr-30-szary-xenon\/'>\n\t\t\t<img width=\"800\" height=\"800\" src=\"https:\/\/www.laumans.de\/wp-content\/uploads\/2016\/07\/Dachziegel_Tiefa-XL-Top_30_800x800.jpg\" class=\"attachment-post-thumbnail size-post-thumbnail wp-post-image\" alt=\"Laumans Dachziegel TIEFA XLTOP\u00ae in Farbe Nr. 30 \u2013 xenon-grau\" loading=\"lazy\" srcset=\"https:\/\/www.laumans.de\/wp-content\/uploads\/2016\/07\/Dachziegel_Tiefa-XL-Top_30_800x800.jpg 800w, https:\/\/www.laumans.de\/wp-content\/uploads\/2016\/07\/Dachziegel_Tiefa-XL-Top_30_800x800-150x150.jpg 150w, https:\/\/www.laumans.de\/wp-content\/uploads\/2016\/07\/Dachziegel_Tiefa-XL-Top_30_800x800-300x300.jpg 300w, https:\/\/www.laumans.de\/wp-content\/uploads\/2016\/07\/Dachziegel_Tiefa-XL-Top_30_800x800-768x768.jpg 768w, https:\/\/www.laumans.de\/wp-content\/uploads\/2016\/07\/Dachziegel_Tiefa-XL-Top_30_800x800-16x16.jpg 16w\" sizes=\"(max-width: 800px) 100vw, 800px\" \/>\n\t\t<\/a>\n\t<\/div>\n\t<div class='ftitle'>\n\t\tNR. 30 - SZARY-XENON\n\t<\/div>\n<\/div>\n\n<div class='vc_clearfix vc_col-sm-3'>\n\t<div class='fimg'>\n\t\t<a href='https:\/\/www.laumans.de\/pl\/nr-37-antracyt\/'>\n\t\t\t<img width=\"800\" height=\"800\" src=\"https:\/\/www.laumans.de\/wp-content\/uploads\/2022\/12\/Laumans_Dachziegel_Oberflaeche_NaurEngobe_anthrazit_37.jpg\" class=\"attachment-post-thumbnail size-post-thumbnail wp-post-image\" alt=\"Ziegelfarben - Dachziegeloberfl\u00e4che: Laumans Dachziegel HOHLPFANNE in Farbe Nr. 37 \u2013 anthrazit\" loading=\"lazy\" srcset=\"https:\/\/www.laumans.de\/wp-content\/uploads\/2022\/12\/Laumans_Dachziegel_Oberflaeche_NaurEngobe_anthrazit_37.jpg 800w, https:\/\/www.laumans.de\/wp-content\/uploads\/2022\/12\/Laumans_Dachziegel_Oberflaeche_NaurEngobe_anthrazit_37-300x300.jpg 300w, https:\/\/www.laumans.de\/wp-content\/uploads\/2022\/12\/Laumans_Dachziegel_Oberflaeche_NaurEngobe_anthrazit_37-150x150.jpg 150w, https:\/\/www.laumans.de\/wp-content\/uploads\/2022\/12\/Laumans_Dachziegel_Oberflaeche_NaurEngobe_anthrazit_37-768x768.jpg 768w\" sizes=\"(max-width: 800px) 100vw, 800px\" \/>\n\t\t<\/a>\n\t<\/div>\n\t<div class='ftitle'>\n\t\tNR. 37 - ANTRACYT\n\t<\/div>\n<\/div>\n<\/div>[\/vc_column][\/vc_row][vc_row][vc_column][vc_column_text]<\/p>\n<h2>ANGOBA SZLACHETNA<\/h2>\n<p>[\/vc_column_text]<div class='vc_row vc_clearfix'>\n<div class='vc_clearfix vc_col-sm-3'>\n\t<div class='fimg'>\n\t\t<a href='https:\/\/www.laumans.de\/pl\/nr-20-czarny\/'>\n\t\t\t<img width=\"800\" height=\"800\" src=\"https:\/\/www.laumans.de\/wp-content\/uploads\/2016\/07\/Dachziegel_Tiefa-XL-Top_20_800x800.jpg\" class=\"attachment-post-thumbnail size-post-thumbnail wp-post-image\" alt=\"Laumans Dachziegel TIEFA XLTOP\u00ae in Farbe Nr. 20 \u2013 schwarz\" loading=\"lazy\" srcset=\"https:\/\/www.laumans.de\/wp-content\/uploads\/2016\/07\/Dachziegel_Tiefa-XL-Top_20_800x800.jpg 800w, https:\/\/www.laumans.de\/wp-content\/uploads\/2016\/07\/Dachziegel_Tiefa-XL-Top_20_800x800-150x150.jpg 150w, https:\/\/www.laumans.de\/wp-content\/uploads\/2016\/07\/Dachziegel_Tiefa-XL-Top_20_800x800-300x300.jpg 300w, https:\/\/www.laumans.de\/wp-content\/uploads\/2016\/07\/Dachziegel_Tiefa-XL-Top_20_800x800-768x768.jpg 768w, https:\/\/www.laumans.de\/wp-content\/uploads\/2016\/07\/Dachziegel_Tiefa-XL-Top_20_800x800-16x16.jpg 16w\" sizes=\"(max-width: 800px) 100vw, 800px\" \/>\n\t\t<\/a>\n\t<\/div>\n\t<div class='ftitle'>\n\t\tNR. 20 - CZARNY\n\t<\/div>\n<\/div>\n\n<div class='vc_clearfix vc_col-sm-3'>\n\t<div class='fimg'>\n\t\t<a href='https:\/\/www.laumans.de\/pl\/nr-21-szary\/'>\n\t\t\t<img width=\"800\" height=\"800\" src=\"https:\/\/www.laumans.de\/wp-content\/uploads\/2016\/07\/Dachziegel_Tiefa-XL-Top_21_800x800.jpg\" class=\"attachment-post-thumbnail size-post-thumbnail wp-post-image\" alt=\"Laumans Dachziegel TIEFA XLTOP\u00ae in Farbe Nr. 21 \u2013 grau\" loading=\"lazy\" srcset=\"https:\/\/www.laumans.de\/wp-content\/uploads\/2016\/07\/Dachziegel_Tiefa-XL-Top_21_800x800.jpg 800w, https:\/\/www.laumans.de\/wp-content\/uploads\/2016\/07\/Dachziegel_Tiefa-XL-Top_21_800x800-150x150.jpg 150w, https:\/\/www.laumans.de\/wp-content\/uploads\/2016\/07\/Dachziegel_Tiefa-XL-Top_21_800x800-300x300.jpg 300w, https:\/\/www.laumans.de\/wp-content\/uploads\/2016\/07\/Dachziegel_Tiefa-XL-Top_21_800x800-768x768.jpg 768w, https:\/\/www.laumans.de\/wp-content\/uploads\/2016\/07\/Dachziegel_Tiefa-XL-Top_21_800x800-16x16.jpg 16w\" sizes=\"(max-width: 800px) 100vw, 800px\" \/>\n\t\t<\/a>\n\t<\/div>\n\t<div class='ftitle'>\n\t\tNR. 21 - SZARY\n\t<\/div>\n<\/div>\n\n<div class='vc_clearfix vc_col-sm-3'>\n\t<div class='fimg'>\n\t\t<a href='https:\/\/www.laumans.de\/pl\/nr-22-miedziany\/'>\n\t\t\t<img width=\"800\" height=\"800\" src=\"https:\/\/www.laumans.de\/wp-content\/uploads\/2016\/07\/Dachziegel_Tiefa-XL-Top_22_800x800.jpg\" class=\"attachment-post-thumbnail size-post-thumbnail wp-post-image\" alt=\"Laumans Dachziegel TIEFA XLTOP\u00ae in Farbe Nr. 22 \u2013 kupferrot\" loading=\"lazy\" srcset=\"https:\/\/www.laumans.de\/wp-content\/uploads\/2016\/07\/Dachziegel_Tiefa-XL-Top_22_800x800.jpg 800w, https:\/\/www.laumans.de\/wp-content\/uploads\/2016\/07\/Dachziegel_Tiefa-XL-Top_22_800x800-150x150.jpg 150w, https:\/\/www.laumans.de\/wp-content\/uploads\/2016\/07\/Dachziegel_Tiefa-XL-Top_22_800x800-300x300.jpg 300w, https:\/\/www.laumans.de\/wp-content\/uploads\/2016\/07\/Dachziegel_Tiefa-XL-Top_22_800x800-768x768.jpg 768w, https:\/\/www.laumans.de\/wp-content\/uploads\/2016\/07\/Dachziegel_Tiefa-XL-Top_22_800x800-16x16.jpg 16w\" sizes=\"(max-width: 800px) 100vw, 800px\" \/>\n\t\t<\/a>\n\t<\/div>\n\t<div class='ftitle'>\n\t\tNR. 22 - MIEDZIANY\n\t<\/div>\n<\/div>\n\n<div class='vc_clearfix vc_col-sm-3'>\n\t<div class='fimg'>\n\t\t<a href='https:\/\/www.laumans.de\/pl\/nr-23-brazowy\/'>\n\t\t\t<img width=\"800\" height=\"800\" src=\"https:\/\/www.laumans.de\/wp-content\/uploads\/2016\/07\/Dachziegel_Tiefa-XL-Top_23_800x800.jpg\" class=\"attachment-post-thumbnail size-post-thumbnail wp-post-image\" alt=\"Laumans Dachziegel TIEFA XLTOP\u00ae in Farbe Nr. 23 \u2013 braun\" loading=\"lazy\" srcset=\"https:\/\/www.laumans.de\/wp-content\/uploads\/2016\/07\/Dachziegel_Tiefa-XL-Top_23_800x800.jpg 800w, https:\/\/www.laumans.de\/wp-content\/uploads\/2016\/07\/Dachziegel_Tiefa-XL-Top_23_800x800-150x150.jpg 150w, https:\/\/www.laumans.de\/wp-content\/uploads\/2016\/07\/Dachziegel_Tiefa-XL-Top_23_800x800-300x300.jpg 300w, https:\/\/www.laumans.de\/wp-content\/uploads\/2016\/07\/Dachziegel_Tiefa-XL-Top_23_800x800-768x768.jpg 768w, https:\/\/www.laumans.de\/wp-content\/uploads\/2016\/07\/Dachziegel_Tiefa-XL-Top_23_800x800-16x16.jpg 16w\" sizes=\"(max-width: 800px) 100vw, 800px\" \/>\n\t\t<\/a>\n\t<\/div>\n\t<div class='ftitle'>\n\t\tNR. 23 - BR\u0104ZOWY\n\t<\/div>\n<\/div>\n\n<div class='vc_clearfix vc_col-sm-3'>\n\t<div class='fimg'>\n\t\t<a href='https:\/\/www.laumans.de\/pl\/nr-25-graphitschwarz\/'>\n\t\t\t<img width=\"1200\" height=\"1200\" src=\"https:\/\/www.laumans.de\/wp-content\/uploads\/2020\/03\/Dachziegel_Tiefa-XL-Top_25_1200x1200px2.jpg\" class=\"attachment-post-thumbnail size-post-thumbnail wp-post-image\" alt=\"Graphitschwarz\" loading=\"lazy\" srcset=\"https:\/\/www.laumans.de\/wp-content\/uploads\/2020\/03\/Dachziegel_Tiefa-XL-Top_25_1200x1200px2.jpg 1200w, https:\/\/www.laumans.de\/wp-content\/uploads\/2020\/03\/Dachziegel_Tiefa-XL-Top_25_1200x1200px2-300x300.jpg 300w, https:\/\/www.laumans.de\/wp-content\/uploads\/2020\/03\/Dachziegel_Tiefa-XL-Top_25_1200x1200px2-1024x1024.jpg 1024w, https:\/\/www.laumans.de\/wp-content\/uploads\/2020\/03\/Dachziegel_Tiefa-XL-Top_25_1200x1200px2-150x150.jpg 150w, https:\/\/www.laumans.de\/wp-content\/uploads\/2020\/03\/Dachziegel_Tiefa-XL-Top_25_1200x1200px2-768x768.jpg 768w\" sizes=\"(max-width: 1200px) 100vw, 1200px\" \/>\n\t\t<\/a>\n\t<\/div>\n\t<div class='ftitle'>\n\t\tNR. 25 - GRAFIT CZARNY\n\t<\/div>\n<\/div>\n<\/div>[\/vc_column][\/vc_row][vc_row][vc_column][vc_column_text]<\/p>\n<h2>GLAZURA B\u0141YSZCZ\u0104CA<\/h2>\n<p>[\/vc_column_text]<div class='vc_row vc_clearfix'>\n<div class='vc_clearfix vc_col-sm-3'>\n\t<div class='fimg'>\n\t\t<a href='https:\/\/www.laumans.de\/pl\/nr-50-czarny\/'>\n\t\t\t<img width=\"800\" height=\"800\" src=\"https:\/\/www.laumans.de\/wp-content\/uploads\/2016\/07\/Dachziegel_Tiefa-XL-Top_50_800x800.jpg\" class=\"attachment-post-thumbnail size-post-thumbnail wp-post-image\" alt=\"Laumans Dachziegel TIEFA XLTOP\u00ae in Farbe Nr. 50 \u2013 schwarz\" loading=\"lazy\" srcset=\"https:\/\/www.laumans.de\/wp-content\/uploads\/2016\/07\/Dachziegel_Tiefa-XL-Top_50_800x800.jpg 800w, https:\/\/www.laumans.de\/wp-content\/uploads\/2016\/07\/Dachziegel_Tiefa-XL-Top_50_800x800-150x150.jpg 150w, https:\/\/www.laumans.de\/wp-content\/uploads\/2016\/07\/Dachziegel_Tiefa-XL-Top_50_800x800-300x300.jpg 300w, https:\/\/www.laumans.de\/wp-content\/uploads\/2016\/07\/Dachziegel_Tiefa-XL-Top_50_800x800-768x768.jpg 768w, https:\/\/www.laumans.de\/wp-content\/uploads\/2016\/07\/Dachziegel_Tiefa-XL-Top_50_800x800-16x16.jpg 16w\" sizes=\"(max-width: 800px) 100vw, 800px\" \/>\n\t\t<\/a>\n\t<\/div>\n\t<div class='ftitle'>\n\t\tNR. 50 - CZARNY\n\t<\/div>\n<\/div>\n\n<div class='vc_clearfix vc_col-sm-3'>\n\t<div class='fimg'>\n\t\t<a href='https:\/\/www.laumans.de\/pl\/nr-51-koralowy\/'>\n\t\t\t<img width=\"800\" height=\"800\" src=\"https:\/\/www.laumans.de\/wp-content\/uploads\/2016\/07\/Dachziegel_Tiefa-XL-Top_51_800x800.jpg\" class=\"attachment-post-thumbnail size-post-thumbnail wp-post-image\" alt=\"Laumans Dachziegel TIEFA XLTOP\u00ae in Farbe Nr. 51 \u2013 korallenrot\" loading=\"lazy\" srcset=\"https:\/\/www.laumans.de\/wp-content\/uploads\/2016\/07\/Dachziegel_Tiefa-XL-Top_51_800x800.jpg 800w, https:\/\/www.laumans.de\/wp-content\/uploads\/2016\/07\/Dachziegel_Tiefa-XL-Top_51_800x800-150x150.jpg 150w, https:\/\/www.laumans.de\/wp-content\/uploads\/2016\/07\/Dachziegel_Tiefa-XL-Top_51_800x800-300x300.jpg 300w, https:\/\/www.laumans.de\/wp-content\/uploads\/2016\/07\/Dachziegel_Tiefa-XL-Top_51_800x800-768x768.jpg 768w, https:\/\/www.laumans.de\/wp-content\/uploads\/2016\/07\/Dachziegel_Tiefa-XL-Top_51_800x800-16x16.jpg 16w\" sizes=\"(max-width: 800px) 100vw, 800px\" \/>\n\t\t<\/a>\n\t<\/div>\n\t<div class='ftitle'>\n\t\tNR. 51 - KORALOWY\n\t<\/div>\n<\/div>\n\n<div class='vc_clearfix vc_col-sm-3'>\n\t<div class='fimg'>\n\t\t<a href='https:\/\/www.laumans.de\/pl\/nr-101-ciemny-lazurowy\/'>\n\t\t\t<img width=\"800\" height=\"800\" src=\"https:\/\/www.laumans.de\/wp-content\/uploads\/2016\/07\/Dachziegel_Tiefa-XL-Top_101_800x800.jpg\" class=\"attachment-post-thumbnail size-post-thumbnail wp-post-image\" alt=\"Laumans Dachziegel TIEFA XLTOP\u00ae in Farbe Nr. 101 \u2013 azur-dunkel\" loading=\"lazy\" srcset=\"https:\/\/www.laumans.de\/wp-content\/uploads\/2016\/07\/Dachziegel_Tiefa-XL-Top_101_800x800.jpg 800w, https:\/\/www.laumans.de\/wp-content\/uploads\/2016\/07\/Dachziegel_Tiefa-XL-Top_101_800x800-150x150.jpg 150w, https:\/\/www.laumans.de\/wp-content\/uploads\/2016\/07\/Dachziegel_Tiefa-XL-Top_101_800x800-300x300.jpg 300w, https:\/\/www.laumans.de\/wp-content\/uploads\/2016\/07\/Dachziegel_Tiefa-XL-Top_101_800x800-768x768.jpg 768w, https:\/\/www.laumans.de\/wp-content\/uploads\/2016\/07\/Dachziegel_Tiefa-XL-Top_101_800x800-16x16.jpg 16w\" sizes=\"(max-width: 800px) 100vw, 800px\" \/>\n\t\t<\/a>\n\t<\/div>\n\t<div class='ftitle'>\n\t\tNR. 101 - CIEMNY LAZUROWY\n\t<\/div>\n<\/div>\n\n<div class='vc_clearfix vc_col-sm-3'>\n\t<div class='fimg'>\n\t\t<a href='https:\/\/www.laumans.de\/pl\/nr-108-szlachetny-braz\/'>\n\t\t\t<img width=\"800\" height=\"800\" src=\"https:\/\/www.laumans.de\/wp-content\/uploads\/2016\/07\/Dachziegel_Mulden-Variabel_108_800x800.jpg\" class=\"attachment-post-thumbnail size-post-thumbnail wp-post-image\" alt=\"Laumans Dachziegel MULDEN VARIABEL in Farbe Nr. 108 \u2013 edelbraun\" loading=\"lazy\" srcset=\"https:\/\/www.laumans.de\/wp-content\/uploads\/2016\/07\/Dachziegel_Mulden-Variabel_108_800x800.jpg 800w, https:\/\/www.laumans.de\/wp-content\/uploads\/2016\/07\/Dachziegel_Mulden-Variabel_108_800x800-150x150.jpg 150w, https:\/\/www.laumans.de\/wp-content\/uploads\/2016\/07\/Dachziegel_Mulden-Variabel_108_800x800-300x300.jpg 300w, https:\/\/www.laumans.de\/wp-content\/uploads\/2016\/07\/Dachziegel_Mulden-Variabel_108_800x800-768x768.jpg 768w, https:\/\/www.laumans.de\/wp-content\/uploads\/2016\/07\/Dachziegel_Mulden-Variabel_108_800x800-16x16.jpg 16w\" sizes=\"(max-width: 800px) 100vw, 800px\" \/>\n\t\t<\/a>\n\t<\/div>\n\t<div class='ftitle'>\n\t\tNR. 108 - SZLACHETNY BR\u0104Z\n\t<\/div>\n<\/div>\n\n<div class='vc_clearfix vc_col-sm-3'>\n\t<div class='fimg'>\n\t\t<a href='https:\/\/www.laumans.de\/pl\/nr-114-zoltobrunatny\/'>\n\t\t\t<img width=\"800\" height=\"800\" src=\"https:\/\/www.laumans.de\/wp-content\/uploads\/2016\/07\/Dachziegel_Ideal-Variabel_IV_114_800x800.jpg\" class=\"attachment-post-thumbnail size-post-thumbnail wp-post-image\" alt=\"Laumans Dachziegel IDEAL VARIABEL in Farbe Nr. 114 \u2013 ockerbraun\" loading=\"lazy\" srcset=\"https:\/\/www.laumans.de\/wp-content\/uploads\/2016\/07\/Dachziegel_Ideal-Variabel_IV_114_800x800.jpg 800w, https:\/\/www.laumans.de\/wp-content\/uploads\/2016\/07\/Dachziegel_Ideal-Variabel_IV_114_800x800-150x150.jpg 150w, https:\/\/www.laumans.de\/wp-content\/uploads\/2016\/07\/Dachziegel_Ideal-Variabel_IV_114_800x800-300x300.jpg 300w, https:\/\/www.laumans.de\/wp-content\/uploads\/2016\/07\/Dachziegel_Ideal-Variabel_IV_114_800x800-768x768.jpg 768w, https:\/\/www.laumans.de\/wp-content\/uploads\/2016\/07\/Dachziegel_Ideal-Variabel_IV_114_800x800-16x16.jpg 16w\" sizes=\"(max-width: 800px) 100vw, 800px\" \/>\n\t\t<\/a>\n\t<\/div>\n\t<div class='ftitle'>\n\t\tNR. 114 - \u017b\u00d3\u0141TOBRUNATNY\n\t<\/div>\n<\/div>\n\n<div class='vc_clearfix vc_col-sm-3'>\n\t<div class='fimg'>\n\t\t<a href='https:\/\/www.laumans.de\/pl\/nr-121-zielony-malachit\/'>\n\t\t\t<img width=\"800\" height=\"800\" src=\"https:\/\/www.laumans.de\/wp-content\/uploads\/2016\/07\/Dachziegel_Tiefa-XL-Top_121_800x800.jpg\" class=\"attachment-post-thumbnail size-post-thumbnail wp-post-image\" alt=\"Laumans Dachziegel TIEFA XLTOP\u00ae in Farbe Nr. 121 \u2013 malachitgr\u00fcn\" loading=\"lazy\" srcset=\"https:\/\/www.laumans.de\/wp-content\/uploads\/2016\/07\/Dachziegel_Tiefa-XL-Top_121_800x800.jpg 800w, https:\/\/www.laumans.de\/wp-content\/uploads\/2016\/07\/Dachziegel_Tiefa-XL-Top_121_800x800-150x150.jpg 150w, https:\/\/www.laumans.de\/wp-content\/uploads\/2016\/07\/Dachziegel_Tiefa-XL-Top_121_800x800-300x300.jpg 300w, https:\/\/www.laumans.de\/wp-content\/uploads\/2016\/07\/Dachziegel_Tiefa-XL-Top_121_800x800-768x768.jpg 768w, https:\/\/www.laumans.de\/wp-content\/uploads\/2016\/07\/Dachziegel_Tiefa-XL-Top_121_800x800-16x16.jpg 16w\" sizes=\"(max-width: 800px) 100vw, 800px\" \/>\n\t\t<\/a>\n\t<\/div>\n\t<div class='ftitle'>\n\t\tNR. 121 - ZIELONY MALACHIT\n\t<\/div>\n<\/div>\n<\/div>[\/vc_column][\/vc_row][vc_row][vc_column][vc_column_text]<\/p>\n<h2>GLAZURA SATYNOWA<\/h2>\n<p>[\/vc_column_text]<div class='vc_row vc_clearfix'>\n<div class='vc_clearfix vc_col-sm-3'>\n\t<div class='fimg'>\n\t\t<a href='https:\/\/www.laumans.de\/pl\/nr-40-czarny-satynowy\/'>\n\t\t\t<img width=\"800\" height=\"800\" src=\"https:\/\/www.laumans.de\/wp-content\/uploads\/2016\/07\/Dachziegel_Ideal-Variabel_IV_40_800x800.jpg\" class=\"attachment-post-thumbnail size-post-thumbnail wp-post-image\" alt=\"Dachfarbe - Laumans Dachziegel IDEAL VARIABEL in Farbe Nr. 40 \u2013 schwarz-satiniert\" loading=\"lazy\" srcset=\"https:\/\/www.laumans.de\/wp-content\/uploads\/2016\/07\/Dachziegel_Ideal-Variabel_IV_40_800x800.jpg 800w, https:\/\/www.laumans.de\/wp-content\/uploads\/2016\/07\/Dachziegel_Ideal-Variabel_IV_40_800x800-150x150.jpg 150w, https:\/\/www.laumans.de\/wp-content\/uploads\/2016\/07\/Dachziegel_Ideal-Variabel_IV_40_800x800-300x300.jpg 300w, https:\/\/www.laumans.de\/wp-content\/uploads\/2016\/07\/Dachziegel_Ideal-Variabel_IV_40_800x800-768x768.jpg 768w, https:\/\/www.laumans.de\/wp-content\/uploads\/2016\/07\/Dachziegel_Ideal-Variabel_IV_40_800x800-16x16.jpg 16w\" sizes=\"(max-width: 800px) 100vw, 800px\" \/>\n\t\t<\/a>\n\t<\/div>\n\t<div class='ftitle'>\n\t\tNR. 40 - CZARNY SATYNOWY\n\t<\/div>\n<\/div>\n\n<div class='vc_clearfix vc_col-sm-3'>\n\t<div class='fimg'>\n\t\t<a href='https:\/\/www.laumans.de\/pl\/nr-41-szary-satynowy\/'>\n\t\t\t<img width=\"800\" height=\"800\" src=\"https:\/\/www.laumans.de\/wp-content\/uploads\/2016\/07\/Dachziegel_Ideal-Variabel_IV_41_800x800.jpg\" class=\"attachment-post-thumbnail size-post-thumbnail wp-post-image\" alt=\"Laumans Dachziegel IDEAL VARIABEL in Farbe Nr. 41 \u2013 grau-satiniert\" loading=\"lazy\" srcset=\"https:\/\/www.laumans.de\/wp-content\/uploads\/2016\/07\/Dachziegel_Ideal-Variabel_IV_41_800x800.jpg 800w, https:\/\/www.laumans.de\/wp-content\/uploads\/2016\/07\/Dachziegel_Ideal-Variabel_IV_41_800x800-150x150.jpg 150w, https:\/\/www.laumans.de\/wp-content\/uploads\/2016\/07\/Dachziegel_Ideal-Variabel_IV_41_800x800-300x300.jpg 300w, https:\/\/www.laumans.de\/wp-content\/uploads\/2016\/07\/Dachziegel_Ideal-Variabel_IV_41_800x800-768x768.jpg 768w, https:\/\/www.laumans.de\/wp-content\/uploads\/2016\/07\/Dachziegel_Ideal-Variabel_IV_41_800x800-16x16.jpg 16w\" sizes=\"(max-width: 800px) 100vw, 800px\" \/>\n\t\t<\/a>\n\t<\/div>\n\t<div class='ftitle'>\n\t\tNR. 41 - SZARY SATYNOWY\n\t<\/div>\n<\/div>\n<\/div>[\/vc_column][\/vc_row]<\/p>\n<p><\/p>","protected":false},"excerpt":{"rendered":"<p>[vc_row][vc_column][vc_column_text] Ekskluzywne kolory i pow\u0142oki dach\u00f3wek [\/vc_column_text][vc_empty_space height=&#8221;20px&#8221;][vc_column_text] Udoskonalona przez firm\u0119\u00a0Randers Tegl Laumans\u00a0technika nak\u0142adania farb przez polewanie umo\u017cliwia na\u0142o\u017cenie o 40% grubszej warstwy barwionej glinki i glazury w por\u00f3wnaniu do tradycyjnych metod, jak np. natrysk. Efekt to niepowtarzalne, \u017cywe odcienie, naturalna intensywno\u015b\u0107 barw i bezkompromisowa jako\u015b\u0107 pow\u0142ok, co daje szczeg\u00f3ln\u0105 g\u0142adko\u015b\u0107 i twardo\u015b\u0107 dach\u00f3wek Premium&hellip;<\/p>\n","protected":false},"author":1,"featured_media":25021,"parent":0,"menu_order":0,"comment_status":"closed","ping_status":"closed","template":"","meta":[],"acf":[],"yoast_head":"<!-- This site is optimized with the Yoast SEO Premium plugin v15.5 - https:\/\/yoast.com\/wordpress\/plugins\/seo\/ -->\n<title>Ziegelfarben von Laumans - Vielf\u00e4ltige Farben f\u00fcr Ihr Dach<\/title>\n<meta name=\"description\" content=\"Laumans Dachziegel \u00fcberzeugen durch lebendige Ziegelfarben, eine exklusive Farbintensit\u00e4t und kompromisslose Oberfl\u00e4chenqualit\u00e4t \u2705\" \/>\n<meta name=\"robots\" content=\"index, follow, max-snippet:-1, max-image-preview:large, max-video-preview:-1\" \/>\n<link rel=\"canonical\" href=\"https:\/\/www.laumans.de\/de\/farben-oberflaechen\/\" \/>\n<meta property=\"og:locale\" content=\"pl_PL\" \/>\n<meta property=\"og:type\" content=\"article\" \/>\n<meta property=\"og:title\" content=\"Ziegelfarben von Laumans - Vielf\u00e4ltige Farben f\u00fcr Ihr Dach\" \/>\n<meta property=\"og:description\" content=\"Laumans Dachziegel \u00fcberzeugen durch lebendige Ziegelfarben, eine exklusive Farbintensit\u00e4t und kompromisslose Oberfl\u00e4chenqualit\u00e4t \u2705\" \/>\n<meta property=\"og:url\" content=\"https:\/\/www.laumans.de\/de\/farben-oberflaechen\/\" \/>\n<meta property=\"og:site_name\" content=\"Laumans GmbH &amp; Co KG, Br\u00fcggen\" \/>\n<meta property=\"article:publisher\" content=\"https:\/\/www.facebook.com\/laumans\/\" \/>\n<meta property=\"article:modified_time\" content=\"2025-03-10T13:34:14+00:00\" \/>\n<meta property=\"og:image\" content=\"https:\/\/www.laumans.de\/wp-content\/uploads\/2016\/09\/Kachel_Farben_570x380_01.jpg\" \/>\n\t<meta property=\"og:image:width\" content=\"570\" \/>\n\t<meta property=\"og:image:height\" content=\"380\" \/>\n<meta name=\"twitter:card\" content=\"summary\" \/>\n<meta name=\"twitter:label1\" content=\"Szacowany czas czytania\">\n\t<meta name=\"twitter:data1\" content=\"7 minut\">\n<script type=\"application\/ld+json\" class=\"yoast-schema-graph\">{\"@context\":\"https:\/\/schema.org\",\"@graph\":[{\"@type\":\"Organization\",\"@id\":\"https:\/\/www.laumans.de\/de\/#organization\",\"name\":\"Gebr. Laumans GmbH & Co. KG Ziegelwerke\",\"url\":\"https:\/\/www.laumans.de\/de\/\",\"sameAs\":[\"https:\/\/www.facebook.com\/laumans\/\",\"https:\/\/www.instagram.com\/laumansdachziegel\/\",\"https:\/\/www.youtube.com\/channel\/UCIxuL2XT3lmpV4DOKZdtcCg\",\"https:\/\/www.pinterest.de\/laumansdachziegel\/\",\"https:\/\/de.wikipedia.org\/wiki\/Gebr._Laumans_Ziegelwerke\"],\"logo\":{\"@type\":\"ImageObject\",\"@id\":\"https:\/\/www.laumans.de\/de\/#logo\",\"inLanguage\":\"pl-PL\",\"url\":\"https:\/\/www.laumans.de\/wp-content\/uploads\/2019\/01\/Laumans_Logotype_350px.png\",\"width\":730,\"height\":158,\"caption\":\"Gebr. Laumans GmbH & Co. KG Ziegelwerke\"},\"image\":{\"@id\":\"https:\/\/www.laumans.de\/de\/#logo\"}},{\"@type\":\"WebSite\",\"@id\":\"https:\/\/www.laumans.de\/de\/#website\",\"url\":\"https:\/\/www.laumans.de\/de\/\",\"name\":\"Laumans GmbH &amp; Co KG, Br\\u00fcggen\",\"description\":\"Premium Dachziegel seit 1896\",\"publisher\":{\"@id\":\"https:\/\/www.laumans.de\/de\/#organization\"},\"potentialAction\":[{\"@type\":\"SearchAction\",\"target\":\"https:\/\/www.laumans.de\/de\/?s={search_term_string}\",\"query-input\":\"required name=search_term_string\"}],\"inLanguage\":\"pl-PL\"},{\"@type\":\"ImageObject\",\"@id\":\"https:\/\/www.laumans.de\/de\/farben-oberflaechen\/#primaryimage\",\"inLanguage\":\"pl-PL\",\"url\":\"https:\/\/www.laumans.de\/wp-content\/uploads\/2016\/09\/Kachel_Farben_570x380_01.jpg\",\"width\":570,\"height\":380,\"caption\":\"[:de]Premium Dachziegel - Dachziegelwerke Laumans - Ziegelfarben und Oberfl\\u00e4chen[:en]Kachel Startseite Ziegelfl\\u00e4che[:fr]Kachel Startseite Ziegelfl\\u00e4che[:nl]Kachel Startseite Ziegelfl\\u00e4che[:pl]Kachel Startseite Ziegelfl\\u00e4che[:]\"},{\"@type\":\"WebPage\",\"@id\":\"https:\/\/www.laumans.de\/de\/farben-oberflaechen\/#webpage\",\"url\":\"https:\/\/www.laumans.de\/de\/farben-oberflaechen\/\",\"name\":\"Ziegelfarben von Laumans - Vielf\\u00e4ltige Farben f\\u00fcr Ihr Dach\",\"isPartOf\":{\"@id\":\"https:\/\/www.laumans.de\/de\/#website\"},\"primaryImageOfPage\":{\"@id\":\"https:\/\/www.laumans.de\/de\/farben-oberflaechen\/#primaryimage\"},\"datePublished\":\"2016-07-12T07:14:26+00:00\",\"dateModified\":\"2025-03-10T13:34:14+00:00\",\"description\":\"Laumans Dachziegel \\u00fcberzeugen durch lebendige Ziegelfarben, eine exklusive Farbintensit\\u00e4t und kompromisslose Oberfl\\u00e4chenqualit\\u00e4t \\u2705\",\"inLanguage\":\"pl-PL\",\"potentialAction\":[{\"@type\":\"ReadAction\",\"target\":[\"https:\/\/www.laumans.de\/de\/farben-oberflaechen\/\"]}]}]}<\/script>\n<!-- \/ Yoast SEO Premium plugin. -->","_links":{"self":[{"href":"https:\/\/www.laumans.de\/pl\/wp-json\/wp\/v2\/pages\/181"}],"collection":[{"href":"https:\/\/www.laumans.de\/pl\/wp-json\/wp\/v2\/pages"}],"about":[{"href":"https:\/\/www.laumans.de\/pl\/wp-json\/wp\/v2\/types\/page"}],"author":[{"embeddable":true,"href":"https:\/\/www.laumans.de\/pl\/wp-json\/wp\/v2\/users\/1"}],"replies":[{"embeddable":true,"href":"https:\/\/www.laumans.de\/pl\/wp-json\/wp\/v2\/comments?post=181"}],"version-history":[{"count":51,"href":"https:\/\/www.laumans.de\/pl\/wp-json\/wp\/v2\/pages\/181\/revisions"}],"predecessor-version":[{"id":68835,"href":"https:\/\/www.laumans.de\/pl\/wp-json\/wp\/v2\/pages\/181\/revisions\/68835"}],"wp:featuredmedia":[{"embeddable":true,"href":"https:\/\/www.laumans.de\/pl\/wp-json\/wp\/v2\/media\/25021"}],"wp:attachment":[{"href":"https:\/\/www.laumans.de\/pl\/wp-json\/wp\/v2\/media?parent=181"}],"curies":[{"name":"wp","href":"https:\/\/api.w.org\/{rel}","templated":true}]}}