{"id":558,"date":"2016-07-14T10:57:08","date_gmt":"2016-07-14T08:57:08","guid":{"rendered":"http:\/\/www.laumans.de\/?page_id=558"},"modified":"2024-02-28T14:00:19","modified_gmt":"2024-02-28T13:00:19","slug":"ton-ist-leben","status":"publish","type":"page","link":"https:\/\/www.laumans.de\/fr\/largile-cest-la-vie\/","title":{"rendered":"L&#8217;argile, c&#8217;est la vie"},"content":{"rendered":"<p><\/p>\n<p>[vc_row][vc_column][vc_column_text]<\/p>\n<h1>L&#8217;argile, c&#8217;est la vie<\/h1>\n<p>[\/vc_column_text][vc_empty_space height=&#8221;30px&#8221;][vc_single_image image=&#8221;2179&#8243; img_size=&#8221;full&#8221;][vc_empty_space height=&#8221;30px&#8221;][vc_column_text]<\/p>\n<div id=\"c4151\" class=\"csc-default\">\n<p class=\"bodytext\">Derri\u00e8re le souhait de poss\u00e9der sa propre maison se cache toujours le besoin de s\u00e9curit\u00e9, chaleur, tranquillit\u00e9, s\u00e9r\u00e9nit\u00e9 et bonheur. Le ma\u00eetre d&#8217;ouvrage d\u00e9cide par cons\u00e9quent de construire avec de l&#8217;argile en provenance de la r\u00e9gion du Rhin inf\u00e9rieur.<\/p>\n<\/div>\n<div id=\"c4152\" class=\"csc-default\">\n<p class=\"bodytext\">L&#8217;argile est un don de la nature, un don pour la vie. En effet, l&#8217;argile a d&#8217;excellentes propri\u00e9t\u00e9s qui am\u00e9liorent la qualit\u00e9 de l&#8217;habitat et de la vie. L&#8217;une de ses plus grandes propri\u00e9t\u00e9s est qu&#8217;elle se laisse former et cuire et nous fournit des mat\u00e9riaux de construction d&#8217;une qualit\u00e9 exceptionnelle, des briques et des tuiles pour les murs et le toit. Les briques et les tuiles cr\u00e9ent un climat de bien-\u00eatre dans l&#8217;habitat. Elles favorisent l&#8217;\u00e9change de l&#8217;air et de l&#8217;humidit\u00e9, d\u00e9fient le soleil, la temp\u00eate, la pluie, le froid, la neige et toutes les influences de l&#8217;environnement. Elles retiennent la chaleur et prot\u00e8gent contre le froid. Les briques et les tuiles en terre cuite sont durables. Elles cr\u00e9ent et sauvegardent des valeurs pendant des g\u00e9n\u00e9rations. Chez\u00a0Randers Tegl Laumans, nous vivons pour l&#8217;argile et avec l&#8217;argile depuis plus d&#8217;un si\u00e8cle.<\/p>\n<\/div>\n<p>[\/vc_column_text][vc_empty_space height=&#8221;50px&#8221;][\/vc_column][\/vc_row][vc_row type=&#8221;1&#8243;][vc_column][vc_empty_space height=&#8221;30px&#8221;][vc_column_text]<\/p>\n<h2>L\u2019ARGILE C\u2019EST LA TRADITION<\/h2>\n<p>[\/vc_column_text][vc_empty_space height=&#8221;30px&#8221;][vc_single_image image=&#8221;2175&#8243; img_size=&#8221;full&#8221;][vc_empty_space height=&#8221;20px&#8221;][vc_column_text]<\/p>\n<p>L&#8217;argile a toujours jou\u00e9 un r\u00f4le d\u00e9cisif dans l&#8217;histoire de notre famille et de notre entreprise. Depuis sa cr\u00e9ation par Stephan Laumans en 1896 jusqu&#8217;\u00e0 aujourd&#8217;hui, diverses g\u00e9n\u00e9rations ont contribu\u00e9 au destin de l&#8217;entreprise et en ont fait l&#8217;entreprise leader qu&#8217;elle est aujourd&#8217;hui.\u00a0Thomas Piper du groupe Piper (\u00e0 gauche \/ fournisseur principal de c\u00e9ramique pour les murs et les toits en Scandinavie \/ www.randerstegl.dk) et Gerald Laumans (\u00e0 droite) dirigent avec succ\u00e8s la r\u00e9ussite de l&#8217;entreprise, 125 ans apr\u00e8s la fondation de la soci\u00e9t\u00e9.<\/p>\n<p>[\/vc_column_text][\/vc_column][\/vc_row][vc_row type=&#8221;1&#8243;][vc_column][vc_tta_accordion style=&#8221;flat&#8221; gap=&#8221;5&#8243; c_icon=&#8221;chevron&#8221; c_position=&#8221;right&#8221; active_section=&#8221;1&#8243; collapsible_all=&#8221;true&#8221;][vc_tta_section title=&#8221;2016&#8243; tab_id=&#8221;1476173414132-dc5b9949-a37529d5-020e&#8221;][vc_single_image image=&#8221;25968&#8243; img_size=&#8221;full&#8221; alignment=&#8221;center&#8221;][vc_empty_space][vc_column_text]La soci\u00e9t\u00e9 Laumans est positionn\u00e9e comme la premi\u00e8re adresse, en termes de toit en c\u00e9ramique de haute qualit\u00e9. Avec beaucoup de passion, de savoir-faire, de service et une \u00e9quipe motiv\u00e9e, le nouveau slogan de la soci\u00e9t\u00e9 \u00ab\u00a0Tuiles de toit de haute qualit\u00e9, depuis 1896\u00a0\u00bb n&#8217;est pas qu\u2019une confession mais un mode de vie quotidien.<\/p>\n<p><span style=\"color: #ff0000;\">\u00a0<\/span>[\/vc_column_text][\/vc_tta_section][vc_tta_section title=&#8221;2014&#8243; tab_id=&#8221;1468360063628-55e2d594-f7d545cd-c2e829d5-020e&#8221;][vc_column_text]Avec de nouvelles couleurs de tuiles et de nombreux mod\u00e8les nouveaux et r\u00e9vis\u00e9s, la soci\u00e9t\u00e9 Laumans est l\u00b4interlocuteur principal pour la c\u00e9ramique de toit de haute qualit\u00e9.[\/vc_column_text][\/vc_tta_section][vc_tta_section title=&#8221;2011&#8243; tab_id=&#8221;1468486041586-1d9b6f45-ccb529d5-020e&#8221;][vc_column_text]100 ans de Laumans \u00e0 Berlin.[\/vc_column_text][\/vc_tta_section][vc_tta_section title=&#8221;2004&#8243; tab_id=&#8221;1468486073341-32a393d3-602429d5-020e&#8221;][vc_column_text]L&#8217;extension du cercle d&#8217;associ\u00e9s au groupe danois Piper poursuit la tradition de cette entreprise moyenne et ouvre \u00e0 Gebr. Laumans de nouvelles possibilit\u00e9s de d\u00e9veloppement au niveau europ\u00e9en.[\/vc_column_text][\/vc_tta_section][vc_tta_section title=&#8221;2001&#8243; tab_id=&#8221;1468486144732-316acc3c-9f6529d5-020e&#8221;][vc_column_text]L&#8217;abandon du secteur d&#8217;activit\u00e9s Poroton permet \u00e0 l&#8217;entreprise de concentrer sa strat\u00e9gie sur sa comp\u00e9tence principale qui est la \u00ab tuile \u00bb.[\/vc_column_text][\/vc_tta_section][vc_tta_section title=&#8221;1996&#8243; tab_id=&#8221;1468486144154-4a65fac4-739d29d5-020e&#8221;][vc_column_text]Une autre usine de tuiles est install\u00e9e \u00e0 Bracht. A l&#8217;automne, l&#8217;entreprise Gebr. Laumans f\u00eate le centenaire d&#8217;une histoire mouvement\u00e9e mais \u00e0 grand succ\u00e8s.[\/vc_column_text][\/vc_tta_section][vc_tta_section title=&#8221;1972&#8243; tab_id=&#8221;1468486506398-a201bc83-786b29d5-020e&#8221;][vc_column_text]Un grand incendie cause des dommages consid\u00e9rables dans l&#8217;usine de Bracht et rend n\u00e9cessaire la construction d&#8217;une nouvelle usine de tuiles en terre cuite et d&#8217;une usine Poroton l&#8217;ann\u00e9e suivante.[\/vc_column_text][\/vc_tta_section][vc_tta_section title=&#8221;1949&#8243; tab_id=&#8221;1468486503762-c8b1b369-723c29d5-020e&#8221;][vc_column_text]L&#8217;installation de pr\u00e9paration est cr\u00e9\u00e9e \u00e0 Br\u00fcggen apr\u00e8s les troubles de la seconde guerre mondiale. On construit l&#8217;entrep\u00f4t ainsi que des logements ouvriers \u00e0 Br\u00fcggen.[\/vc_column_text][\/vc_tta_section][vc_tta_section title=&#8221;1930&#8243; tab_id=&#8221;1468486502128-ea74ea06-65fa29d5-020e&#8221;][vc_column_text]Apr\u00e8s l&#8217;incendie, l&#8217;entreprise Brachter Tonwerke Ideal est mise en vente. Gebr. Laumans la reprend.[\/vc_column_text][\/vc_tta_section][vc_tta_section title=&#8221;1927&#8243; tab_id=&#8221;1468486143523-1dd6a062-3a3a29d5-020e&#8221;][vc_column_text]L&#8217;entreprise Gebr. Laumans transf\u00e8re son si\u00e8ge \u00e0 Bracht. Stephan Laumans fait entrer ses deux fils Quirin et Dr. Lambert dans la soci\u00e9t\u00e9. On fabrique env. 6 mio. de tuiles et r\u00e9alise un chiffre d&#8217;affaires d&#8217;env. 500 000 reichsmark.[\/vc_column_text][\/vc_tta_section][vc_tta_section title=&#8221;1926&#8243; tab_id=&#8221;1468486142754-a65579c6-c10d29d5-020e&#8221;][vc_column_text]L&#8217;usine de l&#8217;ancienne Soci\u00e9t\u00e9 Baehren \u00e0 Br\u00fcggen est reprise le 12 novembre 1926.[\/vc_column_text][\/vc_tta_section][vc_tta_section title=&#8221;1911&#8243; tab_id=&#8221;1474367029873-d683a9a0-94fa29d5-020e&#8221;][vc_column_text]Le premier four circulaire est mis en service ; on double les effectifs qui comptent d\u00e9sormais 80 personnes.[\/vc_column_text][\/vc_tta_section][vc_tta_section title=&#8221;1903&#8243; tab_id=&#8221;1468486141839-8e97a4cb-ef4329d5-020e&#8221;][vc_column_text]Les premiers logements ouvriers sont construits \u00e0 Bracht afin de garantir la main-d&#8217;\u0153uvre \u00e0 long terme.[\/vc_column_text][\/vc_tta_section][vc_tta_section title=&#8221;1896&#8243; tab_id=&#8221;1468486139590-f432fbdc-9f7929d5-020e&#8221;][vc_column_text]En octobre 1896, Stephan Laumans ach\u00e8te du terrain \u00e0 Bracht dans la r\u00e9gion du Rhin inf\u00e9rieur et cr\u00e9e l&#8217;usine de tuiles \u00e0 embo\u00eetement Gebr. Laumans &amp; Co. avec son p\u00e8re et son fr\u00e8re. Pour cela, ils investissent la coquette somme de 55 000 marks-or et produisent 1,5 mio. de tuiles \u00e0 embo\u00eetement par an.[\/vc_column_text][\/vc_tta_section][\/vc_tta_accordion][vc_empty_space height=&#8221;50px&#8221;][\/vc_column][\/vc_row][vc_row][vc_column][vc_empty_space height=&#8221;30px&#8221;][vc_column_text]<\/p>\n<h2 class=\"csc-firstHeader\">L&#8217;argile, c&#8217;est la responsabilit\u00e9<\/h2>\n<p>[\/vc_column_text][vc_empty_space height=&#8221;30px&#8221;][vc_single_image image=&#8221;2537&#8243; img_size=&#8221;full&#8221;][vc_empty_space height=&#8221;30px&#8221;][vc_column_text]<\/p>\n<div id=\"c456\" class=\"csc-default\">\n<p>Des produits respectueux de l&#8217;environnement. Du point de vue des mati\u00e8res premi\u00e8res, de la fabrication et de l\u00b4utilisation des produits comme \u00e9l\u00e9ments de construction, nos tuiles satisfont \u00e0 toutes les exigences \u00e9cologiques et \u00e9conomiques que doit remplir le mat\u00e9riau de toiture de demain. La remise en v\u00e9g\u00e9tation des sites d&#8217;exploitation ainsi que leur \u00e9limination ult\u00e9rieure \u00e9ventuelle et le recyclage font en outre partie int\u00e9grante de l&#8217;ensemble de notre concept d&#8217;entreprise. Dans ce domaine nous observons toujours bien entendu les strictes directives administratives en mati\u00e8re d&#8217;exploitation de l&#8217;argile et nous contribuons \u00e0 la pr\u00e9servation de l&#8217;environnement pendant toute la dur\u00e9e de la production. Nos clients ach\u00e8tent donc toujours un v\u00e9ritable mat\u00e9riau de construction naturel que nous avons confectionn\u00e9, cuit et affin\u00e9 au cours d&#8217;un processus de fabrication optimis\u00e9 du point de vue \u00e9cologique. Nous produisons des tuiles \u00e9cologiques\u00a0Randers Tegl Laumans\u00a0de haute qualit\u00e9.<\/p>\n<\/div>\n<p>[\/vc_column_text][\/vc_column][\/vc_row]<\/p>\n<p><\/p>","protected":false},"excerpt":{"rendered":"<p>[vc_row][vc_column][vc_column_text] L&#8217;argile, c&#8217;est la vie [\/vc_column_text][vc_empty_space height=&#8221;30px&#8221;][vc_single_image image=&#8221;2179&#8243; img_size=&#8221;full&#8221;][vc_empty_space height=&#8221;30px&#8221;][vc_column_text] Derri\u00e8re le souhait de poss\u00e9der sa propre maison se cache toujours le besoin de s\u00e9curit\u00e9, chaleur, tranquillit\u00e9, s\u00e9r\u00e9nit\u00e9 et bonheur. Le ma\u00eetre d&#8217;ouvrage d\u00e9cide par cons\u00e9quent de construire avec de l&#8217;argile en provenance de la r\u00e9gion du Rhin inf\u00e9rieur. L&#8217;argile est un don de la&hellip;<\/p>\n","protected":false},"author":2,"featured_media":0,"parent":0,"menu_order":0,"comment_status":"closed","ping_status":"closed","template":"","meta":[],"acf":[],"yoast_head":"<!-- This site is optimized with the Yoast SEO Premium plugin v15.5 - https:\/\/yoast.com\/wordpress\/plugins\/seo\/ -->\n<title>L&#039;argile, c&#039;est la vie &ndash; Laumans GmbH &amp; Co KG, Br\u00fcggen<\/title>\n<meta name=\"description\" content=\"Ton ist Leben, denn unsere Ton-Dachziegel erf\u00fcllen alle \u00f6kologischen und \u00f6konomischen Anforderungen an ein zukunftsweisendes Bedachungsmaterial.\" \/>\n<meta name=\"robots\" content=\"index, follow, max-snippet:-1, max-image-preview:large, max-video-preview:-1\" \/>\n<link rel=\"canonical\" href=\"https:\/\/www.laumans.de\/de\/ton-ist-leben\/\" \/>\n<meta property=\"og:locale\" content=\"fr_FR\" \/>\n<meta property=\"og:type\" content=\"article\" \/>\n<meta property=\"og:title\" content=\"[:de]Ton ist Leben[:en]Clay is life[:fr]L&#039;argile, c&#039;est la vie[:nl]Klei is leven[:pl]NASZ SUROWIEC GLINA[:ru]Geschichte[:sl]Geschichte[:] &ndash; Laumans GmbH &amp; Co KG, Br\u00fcggen\" \/>\n<meta property=\"og:description\" content=\"Ton ist Leben, denn unsere Ton-Dachziegel erf\u00fcllen alle \u00f6kologischen und \u00f6konomischen Anforderungen an ein zukunftsweisendes Bedachungsmaterial.\" \/>\n<meta property=\"og:url\" content=\"https:\/\/www.laumans.de\/de\/ton-ist-leben\/\" \/>\n<meta property=\"og:site_name\" content=\"Laumans GmbH &amp; Co KG, Br\u00fcggen\" \/>\n<meta property=\"article:publisher\" content=\"https:\/\/www.facebook.com\/laumans\/\" \/>\n<meta property=\"article:modified_time\" content=\"2024-02-28T13:00:19+00:00\" \/>\n<meta name=\"twitter:card\" content=\"summary\" \/>\n<meta name=\"twitter:label1\" content=\"Dur\u00e9e de lecture estim\u00e9e\">\n\t<meta name=\"twitter:data1\" content=\"24 minutes\">\n<script type=\"application\/ld+json\" class=\"yoast-schema-graph\">{\"@context\":\"https:\/\/schema.org\",\"@graph\":[{\"@type\":\"Organization\",\"@id\":\"https:\/\/www.laumans.de\/de\/#organization\",\"name\":\"Gebr. Laumans GmbH & Co. KG Ziegelwerke\",\"url\":\"https:\/\/www.laumans.de\/de\/\",\"sameAs\":[\"https:\/\/www.facebook.com\/laumans\/\",\"https:\/\/www.instagram.com\/laumansdachziegel\/\",\"https:\/\/www.youtube.com\/channel\/UCIxuL2XT3lmpV4DOKZdtcCg\",\"https:\/\/www.pinterest.de\/laumansdachziegel\/\",\"https:\/\/de.wikipedia.org\/wiki\/Gebr._Laumans_Ziegelwerke\"],\"logo\":{\"@type\":\"ImageObject\",\"@id\":\"https:\/\/www.laumans.de\/de\/#logo\",\"inLanguage\":\"fr-FR\",\"url\":\"https:\/\/www.laumans.de\/wp-content\/uploads\/2019\/01\/Laumans_Logotype_350px.png\",\"width\":730,\"height\":158,\"caption\":\"Gebr. Laumans GmbH & Co. KG Ziegelwerke\"},\"image\":{\"@id\":\"https:\/\/www.laumans.de\/de\/#logo\"}},{\"@type\":\"WebSite\",\"@id\":\"https:\/\/www.laumans.de\/de\/#website\",\"url\":\"https:\/\/www.laumans.de\/de\/\",\"name\":\"Laumans GmbH &amp; Co KG, Br\\u00fcggen\",\"description\":\"Premium Dachziegel seit 1896\",\"publisher\":{\"@id\":\"https:\/\/www.laumans.de\/de\/#organization\"},\"potentialAction\":[{\"@type\":\"SearchAction\",\"target\":\"https:\/\/www.laumans.de\/de\/?s={search_term_string}\",\"query-input\":\"required name=search_term_string\"}],\"inLanguage\":\"fr-FR\"},{\"@type\":\"WebPage\",\"@id\":\"https:\/\/www.laumans.de\/de\/ton-ist-leben\/#webpage\",\"url\":\"https:\/\/www.laumans.de\/de\/ton-ist-leben\/\",\"name\":\"[:de]Ton ist Leben[:en]Clay is life[:fr]L'argile, c'est la vie[:nl]Klei is leven[:pl]NASZ SUROWIEC GLINA[:ru]Geschichte[:sl]Geschichte[:] &ndash; Laumans GmbH &amp; Co KG, Br\\u00fcggen\",\"isPartOf\":{\"@id\":\"https:\/\/www.laumans.de\/de\/#website\"},\"datePublished\":\"2016-07-14T08:57:08+00:00\",\"dateModified\":\"2024-02-28T13:00:19+00:00\",\"description\":\"Ton ist Leben, denn unsere Ton-Dachziegel erf\\u00fcllen alle \\u00f6kologischen und \\u00f6konomischen Anforderungen an ein zukunftsweisendes Bedachungsmaterial.\",\"inLanguage\":\"fr-FR\",\"potentialAction\":[{\"@type\":\"ReadAction\",\"target\":[\"https:\/\/www.laumans.de\/de\/ton-ist-leben\/\"]}]}]}<\/script>\n<!-- \/ Yoast SEO Premium plugin. -->","_links":{"self":[{"href":"https:\/\/www.laumans.de\/fr\/wp-json\/wp\/v2\/pages\/558"}],"collection":[{"href":"https:\/\/www.laumans.de\/fr\/wp-json\/wp\/v2\/pages"}],"about":[{"href":"https:\/\/www.laumans.de\/fr\/wp-json\/wp\/v2\/types\/page"}],"author":[{"embeddable":true,"href":"https:\/\/www.laumans.de\/fr\/wp-json\/wp\/v2\/users\/2"}],"replies":[{"embeddable":true,"href":"https:\/\/www.laumans.de\/fr\/wp-json\/wp\/v2\/comments?post=558"}],"version-history":[{"count":12,"href":"https:\/\/www.laumans.de\/fr\/wp-json\/wp\/v2\/pages\/558\/revisions"}],"predecessor-version":[{"id":68289,"href":"https:\/\/www.laumans.de\/fr\/wp-json\/wp\/v2\/pages\/558\/revisions\/68289"}],"wp:attachment":[{"href":"https:\/\/www.laumans.de\/fr\/wp-json\/wp\/v2\/media?parent=558"}],"curies":[{"name":"wp","href":"https:\/\/api.w.org\/{rel}","templated":true}]}}