{"id":68039,"date":"2024-01-31T15:08:56","date_gmt":"2024-01-31T14:08:56","guid":{"rendered":"https:\/\/www.laumans.de\/de\/?page_id=68039"},"modified":"2025-02-26T09:14:59","modified_gmt":"2025-02-26T08:14:59","slug":"01_neu_-ansprechpartner","status":"publish","type":"page","link":"https:\/\/www.laumans.de\/de\/ansprechpartner\/","title":{"rendered":"01_NEU_ Ansprechpartner"},"content":{"rendered":"<p><\/p>\n<p>[vc_row][vc_column width=&#8221;1\/2&#8243;][vc_column_text]<\/p>\n<h1>Finden Sie Ihren Ansprechpartner<\/h1>\n<p>Immer eine gute Verbindung zu Ihrem Berater<\/p>\n<p>[\/vc_column_text][vc_empty_space][vc_column_text]<\/p>\n<p>Diese Website ersetzt nat\u00fcrlich nicht das Gespr\u00e4ch mit dem Fachverarbeiter vor Ort. Wenden Sie sich gerne an den f\u00fcr Ihren Bereich \/ ihr Gebiet zust\u00e4ndigen Berater f\u00fcr Dachziegel von Randers Tegl Laumans oder rufen Sie uns direkt an. Wir freuen uns auf Sie.<\/p>\n<p>[\/vc_column_text][vc_empty_space height=&#8221;20px&#8221;][vc_column_text]<\/p>\n<p><strong>UNSERE ZENTRALE<\/strong><br \/>Randers Tegl Laumans GmbH<br \/>Stiegstra\u00dfe 88<br \/>41379 Br\u00fcggen-Bracht<\/p>\n<p>Telefon: +49 2157 1413-0<br \/>Telefax:\u00a0 +49 2157 1413-39<br \/><a href=\"mailto:vertrieb-dach@randerstegllaumans.de\">Anfrage per E-Mail<\/a><\/p>\n<p>[\/vc_column_text][\/vc_column][vc_column width=&#8221;1\/2&#8243;][vc_single_image image=&#8221;68047&#8243; img_size=&#8221;full&#8221; css_animation=&#8221;fadeIn&#8221;][\/vc_column][\/vc_row][vc_row][vc_column][vc_column_text]<\/p>\n<h2>INNENDIENST<\/h2>\n<p>[\/vc_column_text][vc_empty_space][vc_row_inner][vc_column_inner width=&#8221;1\/4&#8243;][vc_single_image image=&#8221;68069&#8243; img_size=&#8221;full&#8221;][vc_empty_space height=&#8221;20px&#8221;][vc_column_text]<\/p>\n<p><strong>Christoph Backes<\/strong><\/p>\n<p>Vertrieb und Kundenservice<br \/>Tel. +49 2157 1413-13<br \/><a href=\"mailto:cba@randerstegllaumans.de\">cba@randerstegllaumans.de<\/a><\/p>\n<p>[\/vc_column_text][\/vc_column_inner][vc_column_inner width=&#8221;1\/4&#8243;][vc_single_image image=&#8221;68070&#8243; img_size=&#8221;full&#8221;][vc_empty_space height=&#8221;20px&#8221;][vc_column_text]<\/p>\n<p><strong>Ralf Bierwisch<\/strong><\/p>\n<p>Vertrieb und Kundenservice<br \/>Tel. +49 2157 1413-15<br \/><a href=\"mailto:rbi@randerstegllaumans.de\">rbi@randerstegllaumans.de<\/a><\/p>\n<p>[\/vc_column_text][\/vc_column_inner][vc_column_inner width=&#8221;1\/4&#8243;][vc_single_image image=&#8221;68071&#8243; img_size=&#8221;full&#8221;][vc_empty_space height=&#8221;20px&#8221;][vc_column_text]<\/p>\n<p><strong>Jacqueline Landmann<\/strong><\/p>\n<p>Vertrieb und Kundenservice<br \/>Tel. +49 2157 1413-49<br \/><a href=\"mailto:jla@randerstegllaumans.de\">jla@randerstegllaumans.de<\/a><\/p>\n<p>[\/vc_column_text][\/vc_column_inner][vc_column_inner width=&#8221;1\/4&#8243;][\/vc_column_inner][\/vc_row_inner][\/vc_column][\/vc_row][vc_row anchor=&#8221;#aussendienst&#8221;][vc_column][vc_column_text]<\/p>\n<h2>AU\u00dfENDIENST<\/h2>\n<p>[\/vc_column_text][vc_empty_space][vc_row_inner][vc_column_inner width=&#8221;1\/4&#8243;][vc_single_image image=&#8221;68075&#8243; img_size=&#8221;full&#8221;][vc_empty_space height=&#8221;20px&#8221;][vc_column_text]<\/p>\n<p><strong>Jochen Reinders<\/strong><\/p>\n<p>Vertriebsleiter Dachziegel<br \/>Tel. +49 170 9176 732<br \/><a href=\"mailto:jre@randerstegllaumans.de\">jre@randerstegllaumans.de<\/a><\/p>\n<p>[\/vc_column_text][\/vc_column_inner][vc_column_inner width=&#8221;1\/4&#8243;][vc_single_image image=&#8221;68076&#8243; img_size=&#8221;full&#8221;][vc_empty_space height=&#8221;20px&#8221;][vc_column_text]<\/p>\n<p><strong>Holger Baum<\/strong><\/p>\n<p>Handelsvertreter Dachziegel<br \/>Tel. +49 178 8221 035<br \/><a href=\"mailto:hb@randerstegllaumans.de\">hb@randerstegllaumans.de<\/a><\/p>\n<p>[\/vc_column_text][\/vc_column_inner][vc_column_inner width=&#8221;1\/4&#8243;][vc_single_image image=&#8221;68077&#8243; img_size=&#8221;full&#8221;][vc_empty_space height=&#8221;20px&#8221;][vc_column_text]<\/p>\n<p><strong>Andre Berning<\/strong><\/p>\n<p>Fachberater Dachziegel<br \/>Tel. +49 172 5392 329<br \/><a href=\"mailto:ab@randerstegllaumans.de\">ab@randerstegllaumans.de<\/a><\/p>\n<p>[\/vc_column_text][\/vc_column_inner][vc_column_inner width=&#8221;1\/4&#8243;][vc_single_image image=&#8221;68078&#8243; img_size=&#8221;full&#8221;][vc_empty_space height=&#8221;20px&#8221;][vc_column_text]<\/p>\n<p><strong>Sascha Heller<\/strong><\/p>\n<p>Fachberater Dachziegel<br \/>Tel. +49 174 2198 186<br \/><a href=\"mailto:sh@randerstegllaumans.de\">sh@randerstegllaumans.de<\/a><\/p>\n<p>[\/vc_column_text][\/vc_column_inner][\/vc_row_inner][vc_empty_space][vc_row_inner][vc_column_inner width=&#8221;1\/4&#8243;][vc_single_image image=&#8221;68079&#8243; img_size=&#8221;full&#8221;][vc_empty_space height=&#8221;20px&#8221;][vc_column_text]<\/p>\n<p><strong>Carsten Indrikson<\/strong><\/p>\n<p>Fachberater Dachziegel<br \/>Tel. +49 172 2170 514<br \/><a href=\"mailto:ci@randerstegllaumans.de\">ci@randerstegllaumans.de<\/a><\/p>\n<p>[\/vc_column_text][\/vc_column_inner][vc_column_inner width=&#8221;1\/4&#8243;][vc_single_image image=&#8221;68080&#8243; img_size=&#8221;full&#8221;][vc_empty_space height=&#8221;20px&#8221;][vc_column_text]<\/p>\n<p><strong>Sven Oelrichs<\/strong><\/p>\n<p>Fachberater Dachziegel<br \/>Tel. +49 172 2170 515<br \/><a href=\"mailto:soe@randerstegllaumans.de\">soe@randerstegllaumans.de<\/a><\/p>\n<p>[\/vc_column_text][\/vc_column_inner][vc_column_inner width=&#8221;1\/4&#8243;][vc_single_image image=&#8221;68081&#8243; img_size=&#8221;full&#8221;][vc_empty_space height=&#8221;20px&#8221;][vc_column_text]<\/p>\n<p><strong>Martin Timp<\/strong><\/p>\n<p>Fachberater Dachziegel<br \/>Tel. +49 172 5392 339<br \/><a href=\"mailto:mti@randerstegllaumans.de\">mti@randerstegllaumans.de<\/a><\/p>\n<p>[\/vc_column_text][\/vc_column_inner][vc_column_inner width=&#8221;1\/4&#8243;][vc_single_image image=&#8221;68082&#8243; img_size=&#8221;full&#8221;][vc_empty_space height=&#8221;20px&#8221;][vc_column_text]<\/p>\n<p><strong>Andreas Wagener<\/strong><\/p>\n<p>Fachberater Dachziegel<br \/>Tel.+49 172 5954 636<br \/><a href=\"mailto:aw@randerstegllaumans.de\">aw@randerstegllaumans.de<\/a><\/p>\n<p>[\/vc_column_text][\/vc_column_inner][\/vc_row_inner][\/vc_column][\/vc_row][vc_row][vc_column][vc_column_text]<\/p>\n<h2>INTERNATIONAL<\/h2>\n<p>[\/vc_column_text][vc_empty_space][vc_row_inner][vc_column_inner width=&#8221;1\/4&#8243;][vc_single_image image=&#8221;68089&#8243; img_size=&#8221;full&#8221;][vc_empty_space height=&#8221;20px&#8221;][vc_column_text]<\/p>\n<p><strong>Birgit Welteroth<\/strong><\/p>\n<p>Vertrieb und Kundenservice<br \/>Tel. +49 2157 1413-37<br \/><a href=\"mailto:bw@randerstegllaumans.de\">bw@randerstegllaumans.de<\/a><\/p>\n<p>[\/vc_column_text][\/vc_column_inner][vc_column_inner width=&#8221;1\/4&#8243;][vc_single_image image=&#8221;68085&#8243; img_size=&#8221;full&#8221;][vc_empty_space height=&#8221;20px&#8221;][vc_column_text]<\/p>\n<p><strong>Raymond Wijnands<\/strong><\/p>\n<p>Vertrieb und Kundenservice<br \/>Tel. +31 6139 18192<br \/><a href=\"mailto:rw@randerstegllaumans.de\">rw@randerstegllaumans.de<\/a><\/p>\n<p>[\/vc_column_text][\/vc_column_inner][vc_column_inner width=&#8221;1\/4&#8243;][vc_single_image image=&#8221;68073&#8243; img_size=&#8221;full&#8221;][vc_empty_space height=&#8221;20px&#8221;][vc_column_text]<\/p>\n<p><strong>Alex Smit<\/strong><\/p>\n<p>Vertrieb und Kundenservice<br \/>Tel.\u00a0<span style=\"caret-color: #000000; color: #000000;\">+31 (06) 14 90 35 60<br \/><a href=\"mailto:as@randerstegllaumans.de\">as@randerstegllaumans.de<\/a><br \/><\/span><\/p>\n<p>[\/vc_column_text][\/vc_column_inner][vc_column_inner width=&#8221;1\/4&#8243;][vc_single_image image=&#8221;68086&#8243; img_size=&#8221;full&#8221;][vc_empty_space height=&#8221;20px&#8221;][vc_column_text]<\/p>\n<p><strong>Monika Bielen<\/strong><\/p>\n<p>Vertrieb und Kundenservice<br \/>Tel. +49 2157 1413-32<br \/><a href=\"mailto:mbi@randerstegllaumans.de\">mbi@randerstegllaumans.de<\/a><\/p>\n<p>[\/vc_column_text][\/vc_column_inner][\/vc_row_inner][vc_empty_space][vc_row_inner][vc_column_inner width=&#8221;1\/4&#8243;][vc_single_image image=&#8221;68088&#8243; img_size=&#8221;full&#8221;][vc_empty_space height=&#8221;20px&#8221;][vc_column_text]<\/p>\n<p><strong>Rajmund Plawgo<\/strong><\/p>\n<p>Vertrieb und Kundenservice<br \/>Tel. +49 1523 3716750<br \/><a href=\"mailto:rp@randerstegllaumans.de\">rp@randerstegllaumans.de<\/a><\/p>\n<p>[\/vc_column_text][\/vc_column_inner][vc_column_inner width=&#8221;1\/4&#8243;][vc_single_image image=&#8221;68120&#8243; img_size=&#8221;full&#8221;][vc_empty_space height=&#8221;20px&#8221;][vc_column_text]<\/p>\n<p><strong>Kestutis Vengrys<\/strong><\/p>\n<p>Vertrieb und Kundenservice<br \/>Tel. +370 6705 1570<br \/><a href=\"mailto:kv@randerstegllaumans.de\">kv@randerstegllaumans.de<\/a><\/p>\n<p>[\/vc_column_text][\/vc_column_inner][vc_column_inner width=&#8221;1\/4&#8243;][\/vc_column_inner][vc_column_inner width=&#8221;1\/4&#8243;][\/vc_column_inner][\/vc_row_inner][\/vc_column][\/vc_row][vc_row][vc_column][vc_tta_accordion style=&#8221;flat&#8221; active_section=&#8221;1&#8243;][vc_tta_section title=&#8221;<strong>Belgien-Wallonien<\/strong>&#8221; tab_id=&#8221;1707149701496-335e4d22-6881&#8243;][vc_row_inner][vc_column_inner width=&#8221;1\/2&#8243;][vc_empty_space][vc_column_text]<\/p>\n<p><strong>Birgit Welteroth<\/strong><\/p>\n<p>Vertrieb und Kundenservice<br \/>Tel. +49 2157 1413-37<br \/><a href=\"mailto:bw@randerstegllaumans.de\">bw@randerstegllaumans.de<\/a><\/p>\n<p>[\/vc_column_text][vc_empty_space][\/vc_column_inner][vc_column_inner width=&#8221;1\/2&#8243;][vc_empty_space][vc_column_text]<\/p>\n<p><strong>D2C Trade<\/strong><\/p>\n<p>Tel. +32 4854 65062<br \/><a href=\"mailto:info@d2c-trade.be\">info@d2c-trade.be<\/a><\/p>\n<p>[\/vc_column_text][vc_empty_space][\/vc_column_inner][\/vc_row_inner][\/vc_tta_section][vc_tta_section title=&#8221;<strong>Belgien-Flandern<\/strong>&#8221; tab_id=&#8221;1707149900730-298b7784-9ffe&#8221;][vc_row_inner][vc_column_inner width=&#8221;1\/2&#8243;][vc_empty_space][vc_column_text]<\/p>\n<p><strong>Birgit Welteroth<\/strong><\/p>\n<p>Vertrieb und Kundenservice<br \/>Tel. +49 2157 1413-37<br \/><a href=\"mailto:bw@randerstegllaumans.de\">bw@randerstegllaumans.de<\/a><\/p>\n<p>[\/vc_column_text][vc_empty_space][\/vc_column_inner][vc_column_inner width=&#8221;1\/2&#8243;][vc_empty_space][vc_column_text]<\/p>\n<p><strong>D2C Trade<\/strong><\/p>\n<p>Tel. +32 4854 65062<br \/><a href=\"mailto:info@d2c-trade.be\">info@d2c-trade.be<\/a><\/p>\n<p>[\/vc_column_text][vc_empty_space][\/vc_column_inner][\/vc_row_inner][\/vc_tta_section][vc_tta_section title=&#8221;<strong>D\u00e4nemark<\/strong>&#8221; tab_id=&#8221;1707149913570-2acbc6b8-44b2&#8243;][vc_row_inner][vc_column_inner width=&#8221;1\/2&#8243;][vc_empty_space][vc_column_text]<\/p>\n<p><strong>Christoph Backes<\/strong><\/p>\n<p>Vertrieb und Kundenservice<br \/>Tel. +49 2157 1413-13<br \/><a href=\"mailto:cba@randerstegllaumans.de\">cba@randerstegllaumans.de<\/a><\/p>\n<p>[\/vc_column_text][vc_empty_space][\/vc_column_inner][vc_column_inner width=&#8221;1\/2&#8243;][\/vc_column_inner][\/vc_row_inner][\/vc_tta_section][vc_tta_section title=&#8221;<strong>England<\/strong>&#8221; tab_id=&#8221;1707149990878-54717964-1e8d&#8221;][vc_row_inner][vc_column_inner width=&#8221;1\/2&#8243;][vc_empty_space][vc_column_text]<\/p>\n<p><strong>Monika Bielen<\/strong><\/p>\n<p>Vertrieb und Kundenservice<br \/>Tel. +49 2157 1413-32<br \/><a href=\"mailto:mbi@randerstegllaumans.de\">mbi@randerstegllaumans.de<\/a><\/p>\n<p>[\/vc_column_text][vc_empty_space][\/vc_column_inner][vc_column_inner width=&#8221;1\/2&#8243;][\/vc_column_inner][\/vc_row_inner][\/vc_tta_section][vc_tta_section title=&#8221;<strong>Estland<\/strong>&#8221; tab_id=&#8221;1707150003961-e15b5b64-8ba0&#8243;][vc_row_inner][vc_column_inner width=&#8221;1\/2&#8243;][vc_empty_space][vc_column_text]<\/p>\n<p><strong>Kestutis Vengrys<\/strong><\/p>\n<p>Vertrieb und Kundenservice<br \/>Tel. +370 6705 1570<br \/><a href=\"mailto:kv@randerstegllaumans.de\">kv@randerstegllaumans.de<br \/><\/a><\/p>\n<p>[\/vc_column_text][vc_empty_space][\/vc_column_inner][vc_column_inner width=&#8221;1\/2&#8243;][\/vc_column_inner][\/vc_row_inner][\/vc_tta_section][vc_tta_section title=&#8221;<strong>Lettland<\/strong>&#8221; tab_id=&#8221;1707150035112-7a9e3841-d6d3&#8243;][vc_row_inner][vc_column_inner width=&#8221;1\/2&#8243;][vc_empty_space][vc_column_text]<\/p>\n<p><strong>Kestutis Vengrys<\/strong><\/p>\n<p>Vertrieb und Kundenservice<br \/>Tel. +370 6705 1570<br \/><a href=\"mailto:kv@randerstegllaumans.de\">kv@randerstegllaumans.de<\/a><\/p>\n<p>[\/vc_column_text][vc_empty_space][\/vc_column_inner][vc_column_inner width=&#8221;1\/2&#8243;][\/vc_column_inner][\/vc_row_inner][\/vc_tta_section][vc_tta_section title=&#8221;<strong>Litauen<\/strong>&#8221; tab_id=&#8221;1707150107670-879d3f2a-6963&#8243;][vc_row_inner][vc_column_inner width=&#8221;1\/2&#8243;][vc_empty_space][vc_column_text]<\/p>\n<p><strong>Kestutis Vengrys<\/strong><\/p>\n<p>Vertrieb und Kundenservice<br \/>Tel. +370 6705 1570<br \/><a href=\"mailto:kv@randerstegllaumans.de\">kv@randerstegllaumans.de<\/a><\/p>\n<p>[\/vc_column_text][vc_empty_space][\/vc_column_inner][vc_column_inner width=&#8221;1\/2&#8243;][\/vc_column_inner][\/vc_row_inner][\/vc_tta_section][vc_tta_section title=&#8221;<strong>Luxemburg<\/strong>&#8221; tab_id=&#8221;1707149936223-57869b9f-d324&#8243;][vc_row_inner][vc_column_inner width=&#8221;1\/2&#8243;][vc_empty_space][vc_column_text]<\/p>\n<p><strong>Martin Timp<\/strong><\/p>\n<p>Fachberater Dachziegel<br \/>Tel. +49 172 5392 339<br \/><a href=\"mailto:mti@randerstegllaumans.de\">mti@randerstegllaumans.de<\/a><\/p>\n<p>[\/vc_column_text][vc_empty_space][\/vc_column_inner][vc_column_inner width=&#8221;1\/2&#8243;][\/vc_column_inner][\/vc_row_inner][\/vc_tta_section][vc_tta_section title=&#8221;<strong>Niederlande-Nord<\/strong>&#8221; tab_id=&#8221;1707149948389-fc92cecb-0fe3&#8243;][vc_row_inner][vc_column_inner width=&#8221;1\/2&#8243;][vc_empty_space][vc_column_text]<\/p>\n<p><strong>Birgit Welteroth<\/strong><\/p>\n<p>Vertrieb und Kundenservice<br \/>Tel. +49 2157 1413-37<br \/><a href=\"mailto:bw@randerstegllaumans.de\">bw@randerstegllaumans.de<\/a><\/p>\n<p>[\/vc_column_text][vc_empty_space][\/vc_column_inner][vc_column_inner width=&#8221;1\/2&#8243;][vc_empty_space][vc_column_text]<\/p>\n<p><strong>Raymond Wijnands<\/strong><\/p>\n<p>Vertrieb und Kundenservice<br \/>Tel. +31 6139 18192<br \/><a href=\"mailto:rw@randerstegllaumans.de\">rw@randerstegllaumans.de<\/a><\/p>\n<p>[\/vc_column_text][vc_empty_space][\/vc_column_inner][\/vc_row_inner][\/vc_tta_section][vc_tta_section title=&#8221;<strong>Niederlande-S\u00fcd<\/strong>&#8221; tab_id=&#8221;1707149961302-8c4f3858-1a4d&#8221;][vc_row_inner][vc_column_inner width=&#8221;1\/2&#8243;][vc_empty_space][vc_column_text]<\/p>\n<p><strong>Birgit Welteroth<\/strong><\/p>\n<p>Vertrieb und Kundenservice<br \/>Tel. +49 2157 1413-37<br \/><a href=\"mailto:bw@randerstegllaumans.de\">bw@randerstegllaumans.de<\/a><\/p>\n<p>[\/vc_column_text][vc_empty_space][\/vc_column_inner][vc_column_inner width=&#8221;1\/2&#8243;][vc_empty_space][vc_column_text]<\/p>\n<p><strong>Alex Smit<\/strong><\/p>\n<p>Vertrieb und Kundenservice<br \/>Tel.\u00a0<span style=\"caret-color: #000000; color: #000000;\">+31 (06) 14 90 35 60<br \/><\/span><a href=\"mailto:as@randerstegllaumans.de\">as@randerstegllaumans.de<\/a><\/p>\n<p>[\/vc_column_text][vc_empty_space][\/vc_column_inner][\/vc_row_inner][\/vc_tta_section][vc_tta_section title=&#8221;<strong>Norwegen<\/strong>&#8221; tab_id=&#8221;1707149926635-34789aec-a540&#8243;][vc_row_inner][vc_column_inner width=&#8221;1\/2&#8243;][vc_empty_space][vc_column_text]<\/p>\n<p><strong>Christoph Backes<\/strong><\/p>\n<p>Vertrieb und Kundenservice<br \/>Tel. +49 2157 1413-13<br \/><a href=\"mailto:cba@randerstegllaumans.de\">cba@randerstegllaumans.de<\/a><\/p>\n<p>[\/vc_column_text][vc_empty_space][\/vc_column_inner][vc_column_inner width=&#8221;1\/2&#8243;][\/vc_column_inner][\/vc_row_inner][\/vc_tta_section][vc_tta_section title=&#8221;<strong>Polen<\/strong>&#8221; tab_id=&#8221;1707150058184-dfccb468-e0da&#8221;][vc_row_inner][vc_column_inner width=&#8221;1\/2&#8243;][vc_empty_space][vc_column_text]<\/p>\n<p><strong>Rajmund Plawgo<\/strong><\/p>\n<p>Vertrieb und Kundenservice<br \/>Tel. +49 1523 3716750<br \/><a href=\"mailto:rp@randerstegllaumans.de\">rp@randerstegllaumans.de<\/a><\/p>\n<p>[\/vc_column_text][vc_empty_space][\/vc_column_inner][vc_column_inner width=&#8221;1\/2&#8243;][\/vc_column_inner][\/vc_row_inner][\/vc_tta_section][vc_tta_section title=&#8221;<strong>Schweden<\/strong>&#8221; tab_id=&#8221;1707149969677-0ec82171-4d96&#8243;][vc_row_inner][vc_column_inner width=&#8221;1\/2&#8243;][vc_empty_space][vc_column_text]<\/p>\n<p><strong>Monika Bielen<\/strong><\/p>\n<p>Vertrieb und Kundenservice<br \/>Tel. +49 2157 1413-32<br \/><a href=\"mailto:mbi@randerstegllaumans.de\">mbi@randerstegllaumans.de<\/a><\/p>\n<p>[\/vc_column_text][vc_empty_space][\/vc_column_inner][vc_column_inner width=&#8221;1\/2&#8243;][\/vc_column_inner][\/vc_row_inner][\/vc_tta_section][vc_tta_section title=&#8221;<strong>Singapur<\/strong>&#8221; tab_id=&#8221;1707149980458-75ae89b1-8a39&#8243;][vc_row_inner][vc_column_inner width=&#8221;1\/2&#8243;][vc_empty_space][vc_column_text]<\/p>\n<p><strong>Monika Bielen<\/strong><\/p>\n<p>Vertrieb und Kundenservice<br \/>Tel. +49 2157 1413-32<br \/><a href=\"mailto:mbi@randerstegllaumans.de\">mbi@randerstegllaumans.de<\/a><\/p>\n<p>[\/vc_column_text][vc_empty_space][\/vc_column_inner][vc_column_inner width=&#8221;1\/2&#8243;][\/vc_column_inner][\/vc_row_inner][\/vc_tta_section][vc_tta_section title=&#8221;<strong>Slowenien<\/strong>&#8221; tab_id=&#8221;1707150126564-9f600afa-fe79&#8243;][vc_row_inner][vc_column_inner width=&#8221;1\/2&#8243;][vc_empty_space][vc_column_text]<\/p>\n<p><strong>Randers Tegl Laumans GmbH<\/strong><\/p>\n<p>Tel.: +49 2157 1413-0<br \/><a href=\"mailto:vertrieb-dach@randerstegllaumans.de\">vertrieb-dach@randerstegllaumans.de<\/a><\/p>\n<p>[\/vc_column_text][vc_empty_space][\/vc_column_inner][vc_column_inner width=&#8221;1\/2&#8243;][\/vc_column_inner][\/vc_row_inner][\/vc_tta_section][vc_tta_section title=&#8221;<strong>Ukraine<\/strong>&#8221; tab_id=&#8221;1707150135618-aa39409b-0b9f&#8221;][vc_row_inner][vc_column_inner width=&#8221;1\/2&#8243;][vc_empty_space][vc_column_text]<\/p>\n<p><strong>GOLDBRICK LLC, Yaroslav Kalenik<\/strong><\/p>\n<p>Tel. +380 6750 36540<br \/><a href=\"mailto:yaroslav@gold-brick.com.ua\">yaroslav@gold-brick.com.ua<\/a><\/p>\n<p>[\/vc_column_text][vc_empty_space][\/vc_column_inner][vc_column_inner width=&#8221;1\/2&#8243;][\/vc_column_inner][\/vc_row_inner][\/vc_tta_section][vc_tta_section title=&#8221;<strong>Weltweit<\/strong>&#8221; tab_id=&#8221;1707150025590-82a6665c-e56c&#8221;][vc_row_inner][vc_column_inner width=&#8221;1\/2&#8243;][vc_empty_space][vc_column_text]<\/p>\n<p><strong>Monika Bielen<\/strong><\/p>\n<p>Vertrieb und Kundenservice<br \/>Tel. +49 2157 1413-32<br \/><a href=\"mailto:mbi@randerstegllaumans.de\">mbi@randerstegllaumans.de<\/a><\/p>\n<p>[\/vc_column_text][vc_empty_space][\/vc_column_inner][vc_column_inner width=&#8221;1\/2&#8243;][\/vc_column_inner][\/vc_row_inner][\/vc_tta_section][\/vc_tta_accordion][\/vc_column][\/vc_row]<\/p>\n<p><\/p>","protected":false},"excerpt":{"rendered":"<p>[vc_row][vc_column width=&#8221;1\/2&#8243;][vc_column_text] Finden Sie Ihren Ansprechpartner Immer eine gute Verbindung zu Ihrem Berater [\/vc_column_text][vc_empty_space][vc_column_text] Diese Website ersetzt nat\u00fcrlich nicht das Gespr\u00e4ch mit dem Fachverarbeiter vor Ort. Wenden Sie sich gerne an den f\u00fcr Ihren Bereich \/ ihr Gebiet zust\u00e4ndigen Berater f\u00fcr Dachziegel von Randers Tegl Laumans oder rufen Sie uns direkt an. Wir freuen uns&hellip;<\/p>\n","protected":false},"author":2,"featured_media":0,"parent":0,"menu_order":0,"comment_status":"closed","ping_status":"closed","template":"","meta":[],"acf":[],"yoast_head":"<!-- This site is optimized with the Yoast SEO Premium plugin v15.5 - https:\/\/yoast.com\/wordpress\/plugins\/seo\/ -->\n<title>Ansprechpartner - Finden Sie Ihre Tonziegel-Beratung<\/title>\n<meta name=\"description\" content=\"Finden Sie Ihren Ansprechpartner f\u00fcr eine pers\u00f6nliche Beratung zu unseren Premium Dachziegeln. Wir helfen Ihnen gerne weiter.\" \/>\n<meta name=\"robots\" content=\"index, follow, max-snippet:-1, max-image-preview:large, max-video-preview:-1\" \/>\n<link rel=\"canonical\" href=\"https:\/\/www.laumans.de\/de\/ansprechpartner\/\" \/>\n<meta property=\"og:locale\" content=\"de_DE\" \/>\n<meta property=\"og:type\" content=\"article\" \/>\n<meta property=\"og:title\" content=\"Ansprechpartner - Finden Sie Ihre Tonziegel-Beratung\" \/>\n<meta property=\"og:description\" content=\"Finden Sie Ihren Ansprechpartner f\u00fcr eine pers\u00f6nliche Beratung zu unseren Premium Dachziegeln. Wir helfen Ihnen gerne weiter.\" \/>\n<meta property=\"og:url\" content=\"https:\/\/www.laumans.de\/de\/ansprechpartner\/\" \/>\n<meta property=\"og:site_name\" content=\"Laumans GmbH &amp; Co KG, Br\u00fcggen\" \/>\n<meta property=\"article:publisher\" content=\"https:\/\/www.facebook.com\/laumans\/\" \/>\n<meta property=\"article:modified_time\" content=\"2025-02-26T08:14:59+00:00\" \/>\n<meta name=\"twitter:card\" content=\"summary\" \/>\n<meta name=\"twitter:label1\" content=\"Gesch\u00e4tzte Lesezeit\">\n\t<meta name=\"twitter:data1\" content=\"41 Minuten\">\n<script type=\"application\/ld+json\" class=\"yoast-schema-graph\">{\"@context\":\"https:\/\/schema.org\",\"@graph\":[{\"@type\":\"Organization\",\"@id\":\"https:\/\/www.laumans.de\/de\/#organization\",\"name\":\"Gebr. Laumans GmbH & Co. KG Ziegelwerke\",\"url\":\"https:\/\/www.laumans.de\/de\/\",\"sameAs\":[\"https:\/\/www.facebook.com\/laumans\/\",\"https:\/\/www.instagram.com\/laumansdachziegel\/\",\"https:\/\/www.youtube.com\/channel\/UCIxuL2XT3lmpV4DOKZdtcCg\",\"https:\/\/www.pinterest.de\/laumansdachziegel\/\",\"https:\/\/de.wikipedia.org\/wiki\/Gebr._Laumans_Ziegelwerke\"],\"logo\":{\"@type\":\"ImageObject\",\"@id\":\"https:\/\/www.laumans.de\/de\/#logo\",\"inLanguage\":\"de-DE\",\"url\":\"https:\/\/www.laumans.de\/wp-content\/uploads\/2019\/01\/Laumans_Logotype_350px.png\",\"width\":730,\"height\":158,\"caption\":\"Gebr. Laumans GmbH & Co. KG Ziegelwerke\"},\"image\":{\"@id\":\"https:\/\/www.laumans.de\/de\/#logo\"}},{\"@type\":\"WebSite\",\"@id\":\"https:\/\/www.laumans.de\/de\/#website\",\"url\":\"https:\/\/www.laumans.de\/de\/\",\"name\":\"Laumans GmbH &amp; Co KG, Br\\u00fcggen\",\"description\":\"Premium Dachziegel seit 1896\",\"publisher\":{\"@id\":\"https:\/\/www.laumans.de\/de\/#organization\"},\"potentialAction\":[{\"@type\":\"SearchAction\",\"target\":\"https:\/\/www.laumans.de\/de\/?s={search_term_string}\",\"query-input\":\"required name=search_term_string\"}],\"inLanguage\":\"de-DE\"},{\"@type\":\"WebPage\",\"@id\":\"https:\/\/www.laumans.de\/de\/ansprechpartner\/#webpage\",\"url\":\"https:\/\/www.laumans.de\/de\/ansprechpartner\/\",\"name\":\"Ansprechpartner - Finden Sie Ihre Tonziegel-Beratung\",\"isPartOf\":{\"@id\":\"https:\/\/www.laumans.de\/de\/#website\"},\"datePublished\":\"2024-01-31T14:08:56+00:00\",\"dateModified\":\"2025-02-26T08:14:59+00:00\",\"description\":\"Finden Sie Ihren Ansprechpartner f\\u00fcr eine pers\\u00f6nliche Beratung zu unseren Premium Dachziegeln. Wir helfen Ihnen gerne weiter.\",\"inLanguage\":\"de-DE\",\"potentialAction\":[{\"@type\":\"ReadAction\",\"target\":[\"https:\/\/www.laumans.de\/de\/ansprechpartner\/\"]}]}]}<\/script>\n<!-- \/ Yoast SEO Premium plugin. -->","_links":{"self":[{"href":"https:\/\/www.laumans.de\/de\/wp-json\/wp\/v2\/pages\/68039"}],"collection":[{"href":"https:\/\/www.laumans.de\/de\/wp-json\/wp\/v2\/pages"}],"about":[{"href":"https:\/\/www.laumans.de\/de\/wp-json\/wp\/v2\/types\/page"}],"author":[{"embeddable":true,"href":"https:\/\/www.laumans.de\/de\/wp-json\/wp\/v2\/users\/2"}],"replies":[{"embeddable":true,"href":"https:\/\/www.laumans.de\/de\/wp-json\/wp\/v2\/comments?post=68039"}],"version-history":[{"count":111,"href":"https:\/\/www.laumans.de\/de\/wp-json\/wp\/v2\/pages\/68039\/revisions"}],"predecessor-version":[{"id":68815,"href":"https:\/\/www.laumans.de\/de\/wp-json\/wp\/v2\/pages\/68039\/revisions\/68815"}],"wp:attachment":[{"href":"https:\/\/www.laumans.de\/de\/wp-json\/wp\/v2\/media?parent=68039"}],"curies":[{"name":"wp","href":"https:\/\/api.w.org\/{rel}","templated":true}]}}