{"id":1498,"date":"2016-08-03T11:03:40","date_gmt":"2016-08-03T09:03:40","guid":{"rendered":"http:\/\/www.laumans.de\/?page_id=1498"},"modified":"2024-06-17T11:36:13","modified_gmt":"2024-06-17T09:36:13","slug":"impressum","status":"publish","type":"page","link":"https:\/\/www.laumans.de\/de\/impressum\/","title":{"rendered":"Impressum"},"content":{"rendered":"<p><\/p>\n<p>[vc_row][vc_column][vc_empty_space height=&#8221;100px&#8221;][vc_column_text]<\/p>\n<h1>Impressum<\/h1>\n<h2>Angaben gem\u00e4\u00df \u00a7 5 DDG:<\/h2>\n<p>Randers Tegl Laumans GmbH<br \/>Stiegstra\u00dfe 88<br \/>41379 Br\u00fcggen-Bracht<\/p>\n<h2>Vertreten durch:<\/h2>\n<p>Herr Thomas Piper (Gesch\u00e4ftsf\u00fchrer)<br \/>Herr Gerald Laumans (Gesch\u00e4ftsf\u00fchrer)<\/p>\n<h2>Kontakt:<\/h2>\n<p>Telefon: +49 2157 1413-0<br \/>Telefax: +49 2157 1413-39<br \/>E-Mail: info@randerstegllaumans.de<\/p>\n<h2>Registereintrag:<\/h2>\n<p>Eintragung im Handelsregister.<br \/>Registergericht: Amtsgericht Krefeld<br \/>Registernummer: HRB 19546<\/p>\n<h2>Umsatzsteuer:<\/h2>\n<p>Umsatzsteuer-Identifikationsnummer gem\u00e4\u00df \u00a727 a Umsatzsteuergesetz:<br \/>DE 812 450 344<\/p>\n<h2>Verantwortlich f\u00fcr den Inhalt nach \u00a7 55 Abs. 2 RStV:<\/h2>\n<p>Randers Tegl Laumans GmbH<br \/>Stiegstra\u00dfe 88<br \/>41379 Br\u00fcggen-Bracht<\/p>\n<h2>Streitschlichtung<\/h2>\n<p>Die Europ\u00e4ische Kommission stellt eine Plattform zur Online-Streitbeilegung (OS) bereit: <a href=\"https:\/\/ec.europa.eu\/consumers\/odr\" target=\"_blank\" rel=\"noopener\">https:\/\/ec.europa.eu\/consumers\/odr<\/a>.<br \/>Unsere E-Mail-Adresse finden Sie oben im Impressum.<\/p>\n<p>Wir sind nicht bereit oder verpflichtet, an Streitbeilegungsverfahren vor einer Verbraucherschlichtungsstelle teilzunehmen..<\/p>\n<h3>Urheberrecht<\/h3>\n<p>Die durch die Seitenbetreiber erstellten Inhalte und Werke auf diesen Seiten unterliegen dem deutschen Urheberrecht. Die Vervielf\u00e4ltigung, Bearbeitung, Verbreitung und jede Art der Verwertung au\u00dferhalb der Grenzen des Urheberrechtes bed\u00fcrfen der schriftlichen Zustimmung des jeweiligen Autors bzw. Erstellers. Downloads und Kopien dieser Seite sind nur f\u00fcr den privaten, nicht kommerziellen Gebrauch gestattet.<\/p>\n<p>Soweit die Inhalte auf dieser Seite nicht vom Betreiber erstellt wurden, werden die Urheberrechte Dritter beachtet. Insbesondere werden Inhalte Dritter als solche gekennzeichnet. Sollten Sie trotzdem auf eine Urheberrechtsverletzung aufmerksam werden, bitten wir um einen entsprechenden Hinweis. Bei Bekanntwerden von Rechtsverletzungen werden wir derartige Inhalte umgehend entfernen.<\/p>\n<h2>Bildnachweise<\/h2>\n<p>Auf dieser Seite werden Bilder von Shutterstock.com und Fotolia.com verwendet.<\/p>\n<p>\u00a9-Dudarev-Mikhail-Fotolia<\/p>\n<p>\u00a9-Alex-Fotolia<\/p>\n<p>\u00a9-maho-Fotolia<\/p>\n<p>\u00a9-Fotoschlick-Fotolia<\/p>\n<p>\u00a9-Leon-Fotolia<\/p>\n<p>\u00a9-driendl-Fotolia<\/p>\n<p>\u00a9-mitifoto-Fotolia<\/p>\n<h2>Gestaltung und Programmierung<\/h2>\n<p>Reiber Marketing GmbH<br \/>Schwertstra\u00dfe 127, 47799 Krefeld<br \/>Tel.: +49 2151 6256-0<br \/>Fax: +49 2151 6256-18<br \/>info@reiber-marketing.de<\/p>\n<p>[\/vc_column_text][\/vc_column][\/vc_row]<\/p>\n<p><\/p>","protected":false},"excerpt":{"rendered":"<p>[vc_row][vc_column][vc_empty_space height=&#8221;100px&#8221;][vc_column_text] Impressum Angaben gem\u00e4\u00df \u00a7 5 DDG: Randers Tegl Laumans GmbHStiegstra\u00dfe 8841379 Br\u00fcggen-Bracht Vertreten durch: Herr Thomas Piper (Gesch\u00e4ftsf\u00fchrer)Herr Gerald Laumans (Gesch\u00e4ftsf\u00fchrer) Kontakt: Telefon: +49 2157 1413-0Telefax: +49 2157 1413-39E-Mail: info@randerstegllaumans.de Registereintrag: Eintragung im Handelsregister.Registergericht: Amtsgericht KrefeldRegisternummer: HRB 19546 Umsatzsteuer: Umsatzsteuer-Identifikationsnummer gem\u00e4\u00df \u00a727 a Umsatzsteuergesetz:DE 812 450 344 Verantwortlich f\u00fcr den Inhalt nach \u00a7&hellip;<\/p>\n","protected":false},"author":2,"featured_media":0,"parent":0,"menu_order":0,"comment_status":"closed","ping_status":"closed","template":"","meta":[],"acf":[],"yoast_head":"<!-- This site is optimized with the Yoast SEO Premium plugin v15.5 - https:\/\/yoast.com\/wordpress\/plugins\/seo\/ -->\n<title>Impressum - Laumans GmbH &amp; Co. KG in Br\u00fcggen<\/title>\n<meta name=\"description\" content=\"Impressum. Die Gebr\u00fcder Laumans GmbH &amp; Co. KG nutzen Ihre Daten ausschlie\u00dflich f\u00fcr eigene Zwecke nach den Regeln des Datenschutzgesetzes.\" \/>\n<meta name=\"robots\" content=\"noindex, follow\" \/>\n<meta property=\"og:locale\" content=\"de_DE\" \/>\n<meta property=\"og:type\" content=\"article\" \/>\n<meta property=\"og:title\" content=\"Impressum - Laumans GmbH &amp; Co. KG in Br\u00fcggen\" \/>\n<meta property=\"og:description\" content=\"Impressum. Die Gebr\u00fcder Laumans GmbH &amp; Co. KG nutzen Ihre Daten ausschlie\u00dflich f\u00fcr eigene Zwecke nach den Regeln des Datenschutzgesetzes.\" \/>\n<meta property=\"og:url\" content=\"https:\/\/www.laumans.de\/de\/impressum\/\" \/>\n<meta property=\"og:site_name\" content=\"Laumans GmbH &amp; Co KG, Br\u00fcggen\" \/>\n<meta property=\"article:publisher\" content=\"https:\/\/www.facebook.com\/laumans\/\" \/>\n<meta property=\"article:modified_time\" content=\"2024-06-17T09:36:13+00:00\" \/>\n<meta name=\"twitter:card\" content=\"summary\" \/>\n<meta name=\"twitter:label1\" content=\"Gesch\u00e4tzte Lesezeit\">\n\t<meta name=\"twitter:data1\" content=\"8 Minuten\">\n<script type=\"application\/ld+json\" class=\"yoast-schema-graph\">{\"@context\":\"https:\/\/schema.org\",\"@graph\":[{\"@type\":\"Organization\",\"@id\":\"https:\/\/www.laumans.de\/de\/#organization\",\"name\":\"Gebr. Laumans GmbH & Co. KG Ziegelwerke\",\"url\":\"https:\/\/www.laumans.de\/de\/\",\"sameAs\":[\"https:\/\/www.facebook.com\/laumans\/\",\"https:\/\/www.instagram.com\/laumansdachziegel\/\",\"https:\/\/www.youtube.com\/channel\/UCIxuL2XT3lmpV4DOKZdtcCg\",\"https:\/\/www.pinterest.de\/laumansdachziegel\/\",\"https:\/\/de.wikipedia.org\/wiki\/Gebr._Laumans_Ziegelwerke\"],\"logo\":{\"@type\":\"ImageObject\",\"@id\":\"https:\/\/www.laumans.de\/de\/#logo\",\"inLanguage\":\"de-DE\",\"url\":\"https:\/\/www.laumans.de\/wp-content\/uploads\/2019\/01\/Laumans_Logotype_350px.png\",\"width\":730,\"height\":158,\"caption\":\"Gebr. Laumans GmbH & Co. KG Ziegelwerke\"},\"image\":{\"@id\":\"https:\/\/www.laumans.de\/de\/#logo\"}},{\"@type\":\"WebSite\",\"@id\":\"https:\/\/www.laumans.de\/de\/#website\",\"url\":\"https:\/\/www.laumans.de\/de\/\",\"name\":\"Laumans GmbH &amp; Co KG, Br\\u00fcggen\",\"description\":\"Premium Dachziegel seit 1896\",\"publisher\":{\"@id\":\"https:\/\/www.laumans.de\/de\/#organization\"},\"potentialAction\":[{\"@type\":\"SearchAction\",\"target\":\"https:\/\/www.laumans.de\/de\/?s={search_term_string}\",\"query-input\":\"required name=search_term_string\"}],\"inLanguage\":\"de-DE\"},{\"@type\":\"WebPage\",\"@id\":\"https:\/\/www.laumans.de\/de\/impressum\/#webpage\",\"url\":\"https:\/\/www.laumans.de\/de\/impressum\/\",\"name\":\"Impressum - Laumans GmbH & Co. KG in Br\\u00fcggen\",\"isPartOf\":{\"@id\":\"https:\/\/www.laumans.de\/de\/#website\"},\"datePublished\":\"2016-08-03T09:03:40+00:00\",\"dateModified\":\"2024-06-17T09:36:13+00:00\",\"description\":\"Impressum. Die Gebr\\u00fcder Laumans GmbH & Co. KG nutzen Ihre Daten ausschlie\\u00dflich f\\u00fcr eigene Zwecke nach den Regeln des Datenschutzgesetzes.\",\"inLanguage\":\"de-DE\",\"potentialAction\":[{\"@type\":\"ReadAction\",\"target\":[\"https:\/\/www.laumans.de\/de\/impressum\/\"]}]}]}<\/script>\n<!-- \/ Yoast SEO Premium plugin. -->","_links":{"self":[{"href":"https:\/\/www.laumans.de\/de\/wp-json\/wp\/v2\/pages\/1498"}],"collection":[{"href":"https:\/\/www.laumans.de\/de\/wp-json\/wp\/v2\/pages"}],"about":[{"href":"https:\/\/www.laumans.de\/de\/wp-json\/wp\/v2\/types\/page"}],"author":[{"embeddable":true,"href":"https:\/\/www.laumans.de\/de\/wp-json\/wp\/v2\/users\/2"}],"replies":[{"embeddable":true,"href":"https:\/\/www.laumans.de\/de\/wp-json\/wp\/v2\/comments?post=1498"}],"version-history":[{"count":34,"href":"https:\/\/www.laumans.de\/de\/wp-json\/wp\/v2\/pages\/1498\/revisions"}],"predecessor-version":[{"id":68716,"href":"https:\/\/www.laumans.de\/de\/wp-json\/wp\/v2\/pages\/1498\/revisions\/68716"}],"wp:attachment":[{"href":"https:\/\/www.laumans.de\/de\/wp-json\/wp\/v2\/media?parent=1498"}],"curies":[{"name":"wp","href":"https:\/\/api.w.org\/{rel}","templated":true}]}}